




























































































































































































{"id":50755,"date":"2022-02-17T19:23:13","date_gmt":"2022-02-17T18:23:13","guid":{"rendered":"https:\/\/www.campingsnavarra.com\/visita\/"},"modified":"2022-10-06T15:29:04","modified_gmt":"2022-10-06T13:29:04","slug":"visita","status":"publish","type":"page","link":"https:\/\/www.campingsnavarra.com\/it\/visita\/","title":{"rendered":"Visita"},"content":{"rendered":"[vc_row type=&#8221;full_width_background&#8221; full_screen_row_position=&#8221;middle&#8221; column_margin=&#8221;default&#8221; equal_height=&#8221;yes&#8221; content_placement=&#8221;middle&#8221; column_direction=&#8221;default&#8221; column_direction_tablet=&#8221;default&#8221; column_direction_phone=&#8221;default&#8221; bg_image=&#8221;15888&#8243; bg_position=&#8221;center center&#8221; background_image_loading=&#8221;default&#8221; bg_repeat=&#8221;no-repeat&#8221; scene_position=&#8221;center&#8221; top_padding=&#8221;5%&#8221; bottom_padding=&#8221;5%&#8221; text_color=&#8221;light&#8221; text_align=&#8221;left&#8221; row_border_radius=&#8221;none&#8221; row_border_radius_applies=&#8221;bg&#8221; color_overlay=&#8221;#000000&#8243; overlay_strength=&#8221;0.5&#8243; gradient_direction=&#8221;left_to_right&#8221; shape_divider_position=&#8221;bottom&#8221; bg_image_animation=&#8221;none&#8221; shape_type=&#8221;&#8221;][vc_column column_padding=&#8221;no-extra-padding&#8221; column_padding_tablet=&#8221;inherit&#8221; column_padding_phone=&#8221;inherit&#8221; column_padding_position=&#8221;all&#8221; column_element_spacing=&#8221;default&#8221; background_color_opacity=&#8221;1&#8243; background_hover_color_opacity=&#8221;1&#8243; column_shadow=&#8221;none&#8221; column_border_radius=&#8221;none&#8221; column_link_target=&#8221;_self&#8221; gradient_direction=&#8221;left_to_right&#8221; overlay_strength=&#8221;0.3&#8243; width=&#8221;1\/1&#8243; tablet_width_inherit=&#8221;default&#8221; tablet_text_alignment=&#8221;default&#8221; phone_text_alignment=&#8221;default&#8221; bg_image_animation=&#8221;none&#8221; border_type=&#8221;simple&#8221; column_border_width=&#8221;none&#8221; column_border_style=&#8221;solid&#8221;][split_line_heading animation_type=&#8221;default&#8221;]\n<h1 style=\"font-size: 75px;\">Cosa visitare<\/h1>\n[\/split_line_heading][\/vc_column][\/vc_row][vc_row type=&#8221;in_container&#8221; full_screen_row_position=&#8221;middle&#8221; column_margin=&#8221;default&#8221; column_direction=&#8221;default&#8221; column_direction_tablet=&#8221;default&#8221; column_direction_phone=&#8221;default&#8221; scene_position=&#8221;center&#8221; text_color=&#8221;dark&#8221; text_align=&#8221;left&#8221; row_border_radius=&#8221;none&#8221; row_border_radius_applies=&#8221;bg&#8221; overlay_strength=&#8221;0.3&#8243; gradient_direction=&#8221;left_to_right&#8221; shape_divider_position=&#8221;bottom&#8221; bg_image_animation=&#8221;none&#8221;][vc_column column_padding=&#8221;no-extra-padding&#8221; column_padding_tablet=&#8221;inherit&#8221; column_padding_phone=&#8221;inherit&#8221; column_padding_position=&#8221;all&#8221; column_element_spacing=&#8221;default&#8221; background_color_opacity=&#8221;1&#8243; background_hover_color_opacity=&#8221;1&#8243; column_shadow=&#8221;none&#8221; column_border_radius=&#8221;none&#8221; column_link_target=&#8221;_self&#8221; gradient_direction=&#8221;left_to_right&#8221; overlay_strength=&#8221;0.3&#8243; width=&#8221;1\/1&#8243; tablet_width_inherit=&#8221;default&#8221; tablet_text_alignment=&#8221;default&#8221; phone_text_alignment=&#8221;default&#8221; bg_image_animation=&#8221;none&#8221; border_type=&#8221;simple&#8221; column_border_width=&#8221;none&#8221; column_border_style=&#8221;solid&#8221;][vc_column_text]<button id=\"menuaGorde\"><i class=\"fa fa-filter\"><\/i><\/button><\/p>\n<p><script>\ndocument.getElementById(\"menuaGorde\").addEventListener(\"click\", menuaezkutatu)\nfunction menuaezkutatu() {\n  var zerrenda = document.getElementsByClassName(\"menu-izda\");\n  x = zerrenda[0];\n  if (x.style.display === \"none\") {\n    x.style.display = \"block\";\n  } else {\n    x.style.display = \"none\";\n  }\n}\n<\/script>[\/vc_column_text][\/vc_column][\/vc_row][vc_row type=&#8221;in_container&#8221; full_screen_row_position=&#8221;middle&#8221; column_margin=&#8221;default&#8221; column_direction=&#8221;default&#8221; column_direction_tablet=&#8221;default&#8221; column_direction_phone=&#8221;default&#8221; scene_position=&#8221;center&#8221; top_padding=&#8221;3%&#8221; bottom_padding=&#8221;5%&#8221; text_color=&#8221;dark&#8221; text_align=&#8221;left&#8221; row_border_radius=&#8221;none&#8221; row_border_radius_applies=&#8221;bg&#8221; overlay_strength=&#8221;0.3&#8243; gradient_direction=&#8221;left_to_right&#8221; shape_divider_position=&#8221;bottom&#8221; bg_image_animation=&#8221;none&#8221; shape_type=&#8221;&#8221;][vc_column column_padding=&#8221;no-extra-padding&#8221; column_padding_tablet=&#8221;inherit&#8221; column_padding_phone=&#8221;inherit&#8221; column_padding_position=&#8221;all&#8221; column_element_spacing=&#8221;default&#8221; background_color_opacity=&#8221;1&#8243; background_hover_color_opacity=&#8221;1&#8243; column_shadow=&#8221;none&#8221; column_border_radius=&#8221;none&#8221; column_link_target=&#8221;_self&#8221; el_class=&#8221;menu-izda&#8221; gradient_direction=&#8221;left_to_right&#8221; overlay_strength=&#8221;0.3&#8243; width=&#8221;1\/4&#8243; tablet_width_inherit=&#8221;default&#8221; tablet_text_alignment=&#8221;default&#8221; phone_text_alignment=&#8221;default&#8221; bg_image_animation=&#8221;none&#8221; border_type=&#8221;simple&#8221; column_border_width=&#8221;none&#8221; column_border_style=&#8221;solid&#8221;][vc_column_text]\n<h4>Opzioni:<\/h4>\n[\/vc_column_text][vc_column_text]        <form id=\"store_locator_embedded_search\" class=\"store_locator_embedded_search\" action=\"\/it\/visita\/\" method=\"GET\">            <div id=\"store_locator_search_box\" class=\"store_locator store_locator_search_box store-locator-col-12 store-locator-col-sm-12\">                                            <div id=\"store_locator_filter\" class=\"store_locator_filter\">            <div id=\"store_locator_filter_content\" class=\"store-locator-row store_locator_filter_content\">                <div id=\"filter627\" class=\"store-locator-col-12 single_filter\"><h5 class=\"collapsible-visit filtroa-itxita\">Accessibilit\u00e0<\/h5><div class=\"filtroa\" style=\"display: none;\"><label class=\"single_filter_checkbox control control--checkbox\"><input  name=\"filter627[]\" type=\"checkbox\" class=\"store_locator_filter_checkbox\" value=\"628\">Adatto ai disabili<div class=\"control__indicator\"><\/div><\/label><\/div><\/div><div id=\"filter576\" class=\"store-locator-col-12 single_filter\"><h5 class=\"collapsible-visit filtroa-itxita\">Esperienze<\/h5><div class=\"filtroa\" style=\"display: none;\"><label class=\"single_filter_checkbox control control--checkbox\"><input  name=\"filter576[]\" type=\"checkbox\" class=\"store_locator_filter_checkbox\" value=\"577\">Attivit\u00e0 gastronomica<div class=\"control__indicator\"><\/div><\/label><label class=\"single_filter_checkbox control control--checkbox\"><input  name=\"filter576[]\" type=\"checkbox\" class=\"store_locator_filter_checkbox\" value=\"578\">Esperienza A.O.<div class=\"control__indicator\"><\/div><\/label><label class=\"single_filter_checkbox control control--checkbox\"><input  name=\"filter576[]\" type=\"checkbox\" class=\"store_locator_filter_checkbox\" value=\"592\">Esperienza con il formaggio<div class=\"control__indicator\"><\/div><\/label><label class=\"single_filter_checkbox control control--checkbox\"><input  name=\"filter576[]\" type=\"checkbox\" class=\"store_locator_filter_checkbox\" value=\"579\">Esperienza Eco<div class=\"control__indicator\"><\/div><\/label><label class=\"single_filter_checkbox control control--checkbox\"><input  name=\"filter576[]\" type=\"checkbox\" class=\"store_locator_filter_checkbox\" value=\"612\">L'esperienza del vino<div class=\"control__indicator\"><\/div><\/label><label class=\"single_filter_checkbox control control--checkbox\"><input  name=\"filter576[]\" type=\"checkbox\" class=\"store_locator_filter_checkbox\" value=\"580\">Percorso<div class=\"control__indicator\"><\/div><\/label><label class=\"single_filter_checkbox control control--checkbox\"><input  name=\"filter576[]\" type=\"checkbox\" class=\"store_locator_filter_checkbox\" value=\"629\">Un'esperienza unica<div class=\"control__indicator\"><\/div><\/label><\/div><\/div><div id=\"filter581\" class=\"store-locator-col-12 single_filter\"><h5 class=\"collapsible-visit filtroa-itxita\">Tipo di azienda<\/h5><div class=\"filtroa\" style=\"display: none;\"><label class=\"single_filter_checkbox control control--checkbox\"><input  name=\"filter581[]\" type=\"checkbox\" class=\"store_locator_filter_checkbox\" value=\"582\">Agricoltori, allevatori e altri produttori<div class=\"control__indicator\"><\/div><\/label><label class=\"single_filter_checkbox control control--checkbox\"><input  name=\"filter581[]\" type=\"checkbox\" class=\"store_locator_filter_checkbox\" value=\"620\">Cantina<div class=\"control__indicator\"><\/div><\/label><label class=\"single_filter_checkbox control control--checkbox\"><input  name=\"filter581[]\" type=\"checkbox\" class=\"store_locator_filter_checkbox\" value=\"630\">Centro di interpretazione<div class=\"control__indicator\"><\/div><\/label><label class=\"single_filter_checkbox control control--checkbox\"><input  name=\"filter581[]\" type=\"checkbox\" class=\"store_locator_filter_checkbox\" value=\"632\">Museo della gastronomia<div class=\"control__indicator\"><\/div><\/label><label class=\"single_filter_checkbox control control--checkbox\"><input  name=\"filter581[]\" type=\"checkbox\" class=\"store_locator_filter_checkbox\" value=\"666\">Scuola in fattoria<div class=\"control__indicator\"><\/div><\/label><label class=\"single_filter_checkbox control control--checkbox\"><input  name=\"filter581[]\" type=\"checkbox\" class=\"store_locator_filter_checkbox\" value=\"631\">Societ\u00e0 di attivit\u00e0<div class=\"control__indicator\"><\/div><\/label><\/div><\/div>            <\/div>        <\/div>        <script>        var coll = document.getElementsByClassName(\"collapsible-visit\");        var i;        for (i = 0; i < coll.length; i++) {          coll[i].addEventListener(\"click\", function() {            this.classList.toggle(\"active\");            var content = this.nextElementSibling;            if (content.style.display === \"block\") {              content.style.display = \"none\";              this.classList.remove('filtroa-irekita');              this.classList.add(\"filtroa-itxita\");            } else {              content.style.display = \"block\";              this.classList.remove('filtroa-itxita');              this.classList.add(\"filtroa-irekita\");            }          });        }        <\/script>                                                        <div class=\"store-locator-row bilaketa-botoia\">                    <div class=\"store-locator-col-12 store-locator-col-sm-12\">                        <button id=\"store_locator_find_stores_button\" type=\"submit\" class=\"store_locator_find_stores_button btn button et_pb_button btn-primary btn-lg\">Buscar                        <\/button>                    <\/div>                <\/div>            <\/div>        <\/form>        [\/vc_column_text][\/vc_column][vc_column column_padding=&#8221;no-extra-padding&#8221; column_padding_tablet=&#8221;inherit&#8221; column_padding_phone=&#8221;inherit&#8221; column_padding_position=&#8221;all&#8221; column_element_spacing=&#8221;default&#8221; background_color_opacity=&#8221;1&#8243; background_hover_color_opacity=&#8221;1&#8243; column_shadow=&#8221;none&#8221; column_border_radius=&#8221;none&#8221; column_link_target=&#8221;_self&#8221; gradient_direction=&#8221;left_to_right&#8221; overlay_strength=&#8221;0.3&#8243; width=&#8221;3\/4&#8243; tablet_width_inherit=&#8221;default&#8221; tablet_text_alignment=&#8221;default&#8221; phone_text_alignment=&#8221;default&#8221; bg_image_animation=&#8221;none&#8221; border_type=&#8221;simple&#8221; column_border_width=&#8221;none&#8221; column_border_style=&#8221;solid&#8221;][vc_column_text]<div class=\"wordpress-store-locator-list-container\"><h2 class=\"wordpress-store-locator-list-title\">Cosa visitare in Navarra<\/h2><div class=\"wordpress-store-locator-list-content\"><p>Scegliere una struttura<\/p>\n<\/div><div class=\"store-locator-row\"><div class=\"store-locator-col-sm-4\"><div class=\"wordpress-store-locator-list-item\"><div class=\"img-listado\"><a href=\"https:\/\/www.campingsnavarra.com\/it\/store\/anataven\/\"><img loading=\"lazy\" decoding=\"async\" width=\"300\" height=\"225\" src=\"https:\/\/www.campingsnavarra.com\/wp-content\/uploads\/2022\/03\/EXPERIENCIAS-SEGWAY-DESIERTO-BARDENAS-NAVARRA-ESPANA-39-300x225.jpeg\" class=\"attachment-medium size-medium wp-post-image\" alt=\"\" srcset=\"https:\/\/www.campingsnavarra.com\/wp-content\/uploads\/2022\/03\/EXPERIENCIAS-SEGWAY-DESIERTO-BARDENAS-NAVARRA-ESPANA-39-300x225.jpeg 300w, https:\/\/www.campingsnavarra.com\/wp-content\/uploads\/2022\/03\/EXPERIENCIAS-SEGWAY-DESIERTO-BARDENAS-NAVARRA-ESPANA-39-1024x768.jpeg 1024w, https:\/\/www.campingsnavarra.com\/wp-content\/uploads\/2022\/03\/EXPERIENCIAS-SEGWAY-DESIERTO-BARDENAS-NAVARRA-ESPANA-39-768x576.jpeg 768w, https:\/\/www.campingsnavarra.com\/wp-content\/uploads\/2022\/03\/EXPERIENCIAS-SEGWAY-DESIERTO-BARDENAS-NAVARRA-ESPANA-39-1536x1152.jpeg 1536w, https:\/\/www.campingsnavarra.com\/wp-content\/uploads\/2022\/03\/EXPERIENCIAS-SEGWAY-DESIERTO-BARDENAS-NAVARRA-ESPANA-39.jpeg 2048w\" sizes=\"auto, (max-width: 300px) 100vw, 300px\" \/><\/a><\/div><div class=\"contenido-listado\"><a href=\"https:\/\/www.campingsnavarra.com\/it\/store\/anataven\/\"><div class=\"ficha-defecto\">\n<h2>Anataven<\/h2>\n<h3>(Tudela)<\/h3>\nANATAVEN \u00e8 un'azienda che offre attivit\u00e0 ed escursioni nella Riserva della Biosfera e Parco Naturale delle Bardenas Reales. Un DESERTO i cui paesaggi sono impressionanti.\n\nOffriamo ESPERIENZE DI SEGWAY NEL DESERTO.\n\nCon il segway possiamo accedere a molti pi\u00f9 luoghi, in silenzio e senza sforzo. I nostri veicoli sono elettrici, quindi non fanno rumore e non emettono sostanze inquinanti, evitando cos\u00ec qualsiasi impatto sull'ambiente.\n\nOltre a divertirvi in segway, le nostre guide vi racconteranno i segreti di questo luogo inospitale e disabitato. Si tratta di un tour interpretativo del deserto.\n\nOrganizziamo uscite per due o pi\u00f9 persone, al mattino o al pomeriggio.\n\nUn programma di divertimento e sensazioni che sar\u00e0 indimenticabile.\n\n<\/div><\/a><\/div><h4>Contact <\/h4><div class=\"link-tienda\"><strong><a href=\"https:\/\/www.campingsnavarra.com\/it\/store\/anataven\/\">+ Info<\/a><\/strong><\/div><\/div><\/div><div class=\"store-locator-col-sm-4\"><div class=\"wordpress-store-locator-list-item\"><div class=\"img-listado\"><a href=\"https:\/\/www.campingsnavarra.com\/it\/store\/antsonea-gaztak\/\"><img loading=\"lazy\" decoding=\"async\" width=\"300\" height=\"198\" src=\"https:\/\/www.campingsnavarra.com\/wp-content\/uploads\/2022\/03\/20210227-7F2A9763-300x198.jpg\" class=\"attachment-medium size-medium wp-post-image\" alt=\"\" srcset=\"https:\/\/www.campingsnavarra.com\/wp-content\/uploads\/2022\/03\/20210227-7F2A9763-300x198.jpg 300w, https:\/\/www.campingsnavarra.com\/wp-content\/uploads\/2022\/03\/20210227-7F2A9763-1024x675.jpg 1024w, https:\/\/www.campingsnavarra.com\/wp-content\/uploads\/2022\/03\/20210227-7F2A9763-768x506.jpg 768w, https:\/\/www.campingsnavarra.com\/wp-content\/uploads\/2022\/03\/20210227-7F2A9763-1536x1012.jpg 1536w, https:\/\/www.campingsnavarra.com\/wp-content\/uploads\/2022\/03\/20210227-7F2A9763-2048x1349.jpg 2048w\" sizes=\"auto, (max-width: 300px) 100vw, 300px\" \/><\/a><\/div><div class=\"contenido-listado\"><a href=\"https:\/\/www.campingsnavarra.com\/it\/store\/antsonea-gaztak\/\"><div class=\"ficha-defecto\">\n<h2>Antsonea Gaztak<\/h2>\n<h3>(Uztegui)<\/h3>\n<div id=\"u36612-15\" class=\"TEXTUA clearfix grpelem shared_content\" data-muse-uid=\"U36612\" data-muse-type=\"txt_frame\" data-ibe-flags=\"txtStyleSrc\" data-sizepolicy=\"fluidWidth\" data-pintopage=\"page_fixedCenter\" data-leftadjustmentdoneby=\"pu36759\" data-content-guid=\"u36612-15_content\">\n\nGodetevi lo splendido paesaggio, la biodiversit\u00e0, la tranquillit\u00e0,...\nConosce i segreti del formaggio, della sua produzione, di ci\u00f2 che lo influenza, di come viene valutato,...\nAvvicinatevi al mondo in cui uomini e natura convivono fin dall'antichit\u00e0.\nAvvicinatevi alle pecore zoppe.\nI segreti del formaggio da pastore a denominazione di origine Idiazabal.\nContatto diretto con gli animali (asini, mucche, capre, cani...)\nDa gustare con una degustazione organolettica\n\n<\/div>\n<\/div><\/a><\/div><h4>Contact <\/h4><div class=\"link-tienda\"><strong><a href=\"https:\/\/www.campingsnavarra.com\/it\/store\/antsonea-gaztak\/\">+ Info<\/a><\/strong><\/div><\/div><\/div><div class=\"store-locator-col-sm-4\"><div class=\"wordpress-store-locator-list-item\"><div class=\"img-listado\"><a href=\"https:\/\/www.campingsnavarra.com\/it\/store\/bicicletta-bardenas\/\"><img loading=\"lazy\" decoding=\"async\" width=\"300\" height=\"300\" src=\"https:\/\/www.campingsnavarra.com\/wp-content\/uploads\/2022\/03\/logo-300x300.jpg\" class=\"attachment-medium size-medium wp-post-image\" alt=\"\" srcset=\"https:\/\/www.campingsnavarra.com\/wp-content\/uploads\/2022\/03\/logo-300x300.jpg 300w, https:\/\/www.campingsnavarra.com\/wp-content\/uploads\/2022\/03\/logo-150x150.jpg 150w, https:\/\/www.campingsnavarra.com\/wp-content\/uploads\/2022\/03\/logo-100x100.jpg 100w, https:\/\/www.campingsnavarra.com\/wp-content\/uploads\/2022\/03\/logo-140x140.jpg 140w, https:\/\/www.campingsnavarra.com\/wp-content\/uploads\/2022\/03\/logo.jpg 342w\" sizes=\"auto, (max-width: 300px) 100vw, 300px\" \/><\/a><\/div><div class=\"contenido-listado\"><a href=\"https:\/\/www.campingsnavarra.com\/it\/store\/bicicletta-bardenas\/\"><div class=\"ficha-defecto\">\n<h2>Bicicletta Bardenas<\/h2>\n<h3>(Arguedas)<\/h3>\nSiamo David, Raquel e Fran, di Bardenas Bike, un'azienda di noleggio di mountain bike e biciclette elettriche che opera nel Parco Naturale delle Bardenas Reales, nel sud della Navarra, conosciuto da molti come \"il pi\u00f9 grande deserto d'Europa\".\n\nConosciamo bene la zona e sappiamo che il modo migliore per godersi il parco \u00e8 in bicicletta. Per questo motivo, oltre a noleggiare le MTB individualmente, offriamo un servizio speciale per gruppi in cui includiamo un'auto di supporto, guide specializzate e picnic.\n\nVi invitiamo a venire a trascorrere una bella giornata con le nostre biciclette. Visitate il sito www.bardenasbike.com\n\nPer richieste e prenotazioni, non esitate a contattarci.\n\n&nbsp;\n\n<\/div><\/a><\/div><h4>Contact <\/h4><div class=\"link-tienda\"><strong><a href=\"https:\/\/www.campingsnavarra.com\/it\/store\/bicicletta-bardenas\/\">+ Info<\/a><\/strong><\/div><\/div><\/div><\/div><div class=\"store-locator-row\"><div class=\"store-locator-col-sm-4\"><div class=\"wordpress-store-locator-list-item\"><div class=\"img-listado\"><a href=\"https:\/\/www.campingsnavarra.com\/it\/store\/budello-blu\/\"><img loading=\"lazy\" decoding=\"async\" width=\"169\" height=\"300\" src=\"https:\/\/www.campingsnavarra.com\/wp-content\/uploads\/2022\/09\/tripa-azul-pamplona-169x300.jpg\" class=\"attachment-medium size-medium wp-post-image\" alt=\"\" srcset=\"https:\/\/www.campingsnavarra.com\/wp-content\/uploads\/2022\/09\/tripa-azul-pamplona-169x300.jpg 169w, https:\/\/www.campingsnavarra.com\/wp-content\/uploads\/2022\/09\/tripa-azul-pamplona-578x1024.jpg 578w, https:\/\/www.campingsnavarra.com\/wp-content\/uploads\/2022\/09\/tripa-azul-pamplona-768x1360.jpg 768w, https:\/\/www.campingsnavarra.com\/wp-content\/uploads\/2022\/09\/tripa-azul-pamplona-868x1536.jpg 868w, https:\/\/www.campingsnavarra.com\/wp-content\/uploads\/2022\/09\/tripa-azul-pamplona-1157x2048.jpg 1157w, https:\/\/www.campingsnavarra.com\/wp-content\/uploads\/2022\/09\/tripa-azul-pamplona.jpg 1446w\" sizes=\"auto, (max-width: 169px) 100vw, 169px\" \/><\/a><\/div><div class=\"contenido-listado\"><a href=\"https:\/\/www.campingsnavarra.com\/it\/store\/budello-blu\/\"><div class=\"ficha-defecto\">\n<h2>Budello blu<\/h2>\n<h3>(Pamplona)<\/h3>\nTripaAzul \u00e8 un'azienda dedicata al turismo attivo. Svolgiamo attivit\u00e0 escursionistiche e di interpretazione della natura, sia in montagna che su sentieri costieri, Bardenas e di media montagna. Scoprite i migliori paesaggi del nostro ambiente con guide alpine qualificate, che vi aiuteranno a comprendere la fauna e la flora dei luoghi in cui svolgiamo la nostra attivit\u00e0.\n\n&nbsp;\n\n&nbsp;\n\n&nbsp;\n\n<\/div><\/a><\/div><h4>Contact <\/h4><div class=\"link-tienda\"><strong><a href=\"https:\/\/www.campingsnavarra.com\/it\/store\/budello-blu\/\">+ Info<\/a><\/strong><\/div><\/div><\/div><div class=\"store-locator-col-sm-4\"><div class=\"wordpress-store-locator-list-item\"><div class=\"img-listado\"><a href=\"https:\/\/www.campingsnavarra.com\/it\/store\/cantina-marco-real\/\"><img loading=\"lazy\" decoding=\"async\" width=\"300\" height=\"114\" src=\"https:\/\/www.campingsnavarra.com\/wp-content\/uploads\/2022\/04\/bodegas-marco-real-exterior-300x114.jpg\" class=\"attachment-medium size-medium wp-post-image\" alt=\"\" srcset=\"https:\/\/www.campingsnavarra.com\/wp-content\/uploads\/2022\/04\/bodegas-marco-real-exterior-300x114.jpg 300w, https:\/\/www.campingsnavarra.com\/wp-content\/uploads\/2022\/04\/bodegas-marco-real-exterior-1024x390.jpg 1024w, https:\/\/www.campingsnavarra.com\/wp-content\/uploads\/2022\/04\/bodegas-marco-real-exterior-768x293.jpg 768w, https:\/\/www.campingsnavarra.com\/wp-content\/uploads\/2022\/04\/bodegas-marco-real-exterior.jpg 1500w\" sizes=\"auto, (max-width: 300px) 100vw, 300px\" \/><\/a><\/div><div class=\"contenido-listado\"><a href=\"https:\/\/www.campingsnavarra.com\/it\/store\/cantina-marco-real\/\"><div class=\"ficha-defecto\">\n<h2>Cantina Marco Real<\/h2>\n<h3>(Viana)<\/h3>\nMarco Real \u00e8 la storia di una sfida costante e di un unico obiettivo: catturare l'eccellenza in una bottiglia.\nA Marco Real scopriamo una terra unica e singolare, la nostra, quella della Sonsierra Navarra.\nMa non ci fermiamo qui. Andiamo un po' pi\u00f9 in l\u00e0. E quando entriamo in un nuovo territorio, ricerchiamo, testiamo, analizziamo e selezioniamo senza sosta per offrirvi il meglio e solo il meglio.\n\nFAMIGLIA : Un progetto basato sulla storia e sull'eredit\u00e0 della famiglia Belasco.\nTEAM : Siamo cacciatori di tesori, di vini singolari e unici, pensando ai nostri clienti e consumatori.\nMANIFESTO : La selezione di vini che rappresentano la massima espressione delle migliori denominazioni di origine in ogni annata \u00e8 ci\u00f2 che ci guida.\n\n<\/div><\/a><\/div><h4>Contact <\/h4><div class=\"link-tienda\"><strong><a href=\"https:\/\/www.campingsnavarra.com\/it\/store\/cantina-marco-real\/\">+ Info<\/a><\/strong><\/div><\/div><\/div><div class=\"store-locator-col-sm-4\"><div class=\"wordpress-store-locator-list-item\"><div class=\"img-listado\"><a href=\"https:\/\/www.campingsnavarra.com\/it\/store\/cantina-marques-de-montecierzo\/\"><img loading=\"lazy\" decoding=\"async\" width=\"300\" height=\"200\" src=\"https:\/\/www.campingsnavarra.com\/wp-content\/uploads\/2022\/03\/DSC_1009_1-300x200.jpg\" class=\"attachment-medium size-medium wp-post-image\" alt=\"\" srcset=\"https:\/\/www.campingsnavarra.com\/wp-content\/uploads\/2022\/03\/DSC_1009_1-300x200.jpg 300w, https:\/\/www.campingsnavarra.com\/wp-content\/uploads\/2022\/03\/DSC_1009_1-1024x681.jpg 1024w, https:\/\/www.campingsnavarra.com\/wp-content\/uploads\/2022\/03\/DSC_1009_1-768x511.jpg 768w, https:\/\/www.campingsnavarra.com\/wp-content\/uploads\/2022\/03\/DSC_1009_1-1536x1022.jpg 1536w, https:\/\/www.campingsnavarra.com\/wp-content\/uploads\/2022\/03\/DSC_1009_1-2048x1363.jpg 2048w, https:\/\/www.campingsnavarra.com\/wp-content\/uploads\/2022\/03\/DSC_1009_1-900x600.jpg 900w\" sizes=\"auto, (max-width: 300px) 100vw, 300px\" \/><\/a><\/div><div class=\"contenido-listado\"><a href=\"https:\/\/www.campingsnavarra.com\/it\/store\/cantina-marques-de-montecierzo\/\"><div class=\"ficha-defecto\">\n<h2>Cantina Marqu\u00e9s de Montecierzo<\/h2>\n<h3>(Castej\u00f3n)<\/h3>\nUn'azienda vinicola familiare situata in un emblematico <u>edificio di oltre 100 anni <\/u>nella citt\u00e0 di Castej\u00f3n, le cui mura trasudano molta storia. Era la pi\u00f9 importante <u>fabbrica di farina<\/u> del nord della Spagna e una delle pi\u00f9 grandi d'Europa. In seguito fu utilizzato come <u>prigione durante la guerra civile e negli anni successivi, dove vennero tenuti prigionieri battaglioni di lavoratori <\/u>. Dopo la cessazione dell'attivit\u00e0 e il successivo disuso-abbandono, l'edificio \u00e8 stato acquistato e ristrutturato dalla famiglia Lozano-Melero. Oggi, nell'edificio (classificato come patrimonio locale e con la pi\u00f9 alta concentrazione di cicogne bianche della zona) produciamo, in modo tradizionale, vini bianchi, rosati e rossi invecchiati in botti nuove di rovere francese e americano e provenienti solo dai nostri vigneti, dove controlliamo le uve dal campo con grande cura e affetto, portando avanti una coltivazione tradizionale e sostenibile.\n\nL'edificio dispone di cantine in pietra che offrono condizioni di temperatura e umidit\u00e0 ideali per un invecchiamento stabile dei nostri vini.\n\nLa nostra forza motrice principale \u00e8 la famiglia, il lavoro e la cura biologica della campagna.\n\nLa nostra missione come  \u00e8 quello di trattare la <strong>campagna<\/strong> con il massimo rispetto e con le tecniche ereditate dai nostri nonni, e come  <strong>viticoltori e vinificatori<\/strong> per offrire vini tradizionali di altissima qualit\u00e0, fornendo il miglior servizio ai nostri Clienti e Amici; e per diffondere attraverso la  <strong><u>enoturismo la cultura del buon vino.  <\/u><\/strong>Tutto questo per distinguerci e fare  <strong>Bodega Marqu\u00e9s de Montecierzo<\/strong>, una cantina d'eccellenza che potete acquistare nel nostro negozio fisico e online con i nostri marchi Emergente, Montecierzo,...\n\nOffriamo un <strong>\n  <u>visita guidata della cantina<\/u>\n<\/strong> (sala del museo, sala delle botti e dell'invecchiamento e sala delle cisterne) e poi in modo rilassato facciamo una degustazione dei nostri vini. <strong>\n  <u>una degustazione dei nostri vini<\/u>\n<\/strong>. Cerchiamo di fare in modo che i visitatori lascino la nostra casa con alcuni <strong>aspetti fondamentali della degustazione del vino<\/strong> e conoscendo un po' di pi\u00f9 le nostre origini.\n\n<\/div><\/a><\/div><h4>Contact <\/h4><div class=\"link-tienda\"><strong><a href=\"https:\/\/www.campingsnavarra.com\/it\/store\/cantina-marques-de-montecierzo\/\">+ Info<\/a><\/strong><\/div><\/div><\/div><\/div><div class=\"store-locator-row\"><div class=\"store-locator-col-sm-4\"><div class=\"wordpress-store-locator-list-item\"><div class=\"img-listado\"><a href=\"https:\/\/www.campingsnavarra.com\/it\/store\/cantina-otazu\/\"><img loading=\"lazy\" decoding=\"async\" width=\"300\" height=\"197\" src=\"https:\/\/www.campingsnavarra.com\/wp-content\/uploads\/2022\/02\/bodega-otazu-300x197.png\" class=\"attachment-medium size-medium wp-post-image\" alt=\"\" srcset=\"https:\/\/www.campingsnavarra.com\/wp-content\/uploads\/2022\/02\/bodega-otazu-300x197.png 300w, https:\/\/www.campingsnavarra.com\/wp-content\/uploads\/2022\/02\/bodega-otazu-1024x673.png 1024w, https:\/\/www.campingsnavarra.com\/wp-content\/uploads\/2022\/02\/bodega-otazu-768x505.png 768w, https:\/\/www.campingsnavarra.com\/wp-content\/uploads\/2022\/02\/bodega-otazu-1536x1010.png 1536w, https:\/\/www.campingsnavarra.com\/wp-content\/uploads\/2022\/02\/bodega-otazu-2048x1347.png 2048w\" sizes=\"auto, (max-width: 300px) 100vw, 300px\" \/><\/a><\/div><div class=\"contenido-listado\"><a href=\"https:\/\/www.campingsnavarra.com\/it\/store\/cantina-otazu\/\"><div class=\"ficha-defecto\">\n<h2>Cantina Otazu<\/h2>\n<h3>(Otazu)<\/h3>\nLa nuova cantina \u00e8 una meraviglia architettonica, una cattedrale del vino che integra le pi\u00f9 avanzate tecnologie di vinificazione e tutte le conoscenze di molte generazioni.\n\n<strong>Visite:<\/strong> Riconosciuta nell'ottobre 2020 come \"Migliore cantina aperta al turismo\" da ACEVIN (Associazione Spagnola delle Citt\u00e0 del Vino), per Bodega Otazu l'enoturismo \u00e8 una parte fondamentale del suo modo di intendere il vino: come catalizzatore di emozioni il cui unico scopo \u00e8 quello di essere goduto e condiviso. \u00c8 un concetto che racchiude un universo che comprende storia, cultura, arte, natura, terroir, emozioni, tutte caratteristiche che lo contraddistinguono. Le visite includono una passeggiata attraverso lo storico Se\u00f1or\u00edo de Otazu, che risale al Medioevo. Successivamente, visitiamo l'antica cantina, trasformata in museo storico e spazio dedicato all'arte contemporanea della Fondazione Otazu, che ha ricevuto il Premio \"A\" per il collezionismo 2020, assegnato dalla Fondazione ARCO. Il tour prosegue attraverso le nuove strutture della cantina, dove la sala delle botti sotterranea progettata da Jaime Gaztelu, conosciuta come la Cattedrale del Vino, \u00e8 un riferimento architettonico mondiale.\n\n<strong>Eventi<\/strong>: La Bodega Otazu dispone di spazi privilegiati, sia all'interno che all'esterno, per l'organizzazione di eventi e riunioni di ogni tipo.\n\n<strong>Acquista online:<\/strong> Gamma Otazu, Pago de Otazu, Altare, 1 HA. Una storia, Spumanti, Grandi formati, Edizioni artistiche vini.\n\n&nbsp;\n\n<\/div><\/a><\/div><h4>Contact <\/h4><div class=\"link-tienda\"><strong><a href=\"https:\/\/www.campingsnavarra.com\/it\/store\/cantina-otazu\/\">+ Info<\/a><\/strong><\/div><\/div><\/div><div class=\"store-locator-col-sm-4\"><div class=\"wordpress-store-locator-list-item\"><div class=\"img-listado\"><a href=\"https:\/\/www.campingsnavarra.com\/it\/store\/cantina-pago-de-cirsus\/\"><img loading=\"lazy\" decoding=\"async\" width=\"300\" height=\"209\" src=\"https:\/\/www.campingsnavarra.com\/wp-content\/uploads\/2022\/02\/bodega-pago-de-cirsus-edificio-300x209.jpg\" class=\"attachment-medium size-medium wp-post-image\" alt=\"\" srcset=\"https:\/\/www.campingsnavarra.com\/wp-content\/uploads\/2022\/02\/bodega-pago-de-cirsus-edificio-300x209.jpg 300w, https:\/\/www.campingsnavarra.com\/wp-content\/uploads\/2022\/02\/bodega-pago-de-cirsus-edificio-1024x712.jpg 1024w, https:\/\/www.campingsnavarra.com\/wp-content\/uploads\/2022\/02\/bodega-pago-de-cirsus-edificio-768x534.jpg 768w, https:\/\/www.campingsnavarra.com\/wp-content\/uploads\/2022\/02\/bodega-pago-de-cirsus-edificio-1536x1068.jpg 1536w, https:\/\/www.campingsnavarra.com\/wp-content\/uploads\/2022\/02\/bodega-pago-de-cirsus-edificio.jpg 1800w\" sizes=\"auto, (max-width: 300px) 100vw, 300px\" \/><\/a><\/div><div class=\"contenido-listado\"><a href=\"https:\/\/www.campingsnavarra.com\/it\/store\/cantina-pago-de-cirsus\/\"><div class=\"ficha-defecto\">\n<h2>Cantina Pago de Cirsus<\/h2>\n<h3>(Ablitas)<\/h3>\nLa cantina si trova nella parte pi\u00f9 alta de La Finca Bolandin, da cui si pu\u00f2 vedere gran parte del vigneto. Gran parte della cantina \u00e8 semisotterranea, il che permette di mantenere condizioni di temperatura e umidit\u00e0 pi\u00f9 stabili durante tutto l'anno.\n\nBasata sulla cultura familiare del lavoro di squadra, con l'obiettivo di produrre vini speciali, curati in ogni aspetto, di alta qualit\u00e0 e di cui andare fieri. Sono riusciti ad essere presenti nella mente dei consumatori sviluppando vini prodotti con passione, onest\u00e0 e dedizione.\n\nTour delle cantine, degustazioni, esperienze regalo, negozio online ......\n\n<\/div><\/a><\/div><h4>Contact <\/h4><div class=\"link-tienda\"><strong><a href=\"https:\/\/www.campingsnavarra.com\/it\/store\/cantina-pago-de-cirsus\/\">+ Info<\/a><\/strong><\/div><\/div><\/div><div class=\"store-locator-col-sm-4\"><div class=\"wordpress-store-locator-list-item\"><div class=\"img-listado\"><a href=\"https:\/\/www.campingsnavarra.com\/it\/store\/cantina-pago-de-larrainzar\/\"><img loading=\"lazy\" decoding=\"async\" width=\"300\" height=\"200\" src=\"https:\/\/www.campingsnavarra.com\/wp-content\/uploads\/2022\/02\/bodegas-pago-larrainzar-300x200.jpg\" class=\"attachment-medium size-medium wp-post-image\" alt=\"\" srcset=\"https:\/\/www.campingsnavarra.com\/wp-content\/uploads\/2022\/02\/bodegas-pago-larrainzar-300x200.jpg 300w, https:\/\/www.campingsnavarra.com\/wp-content\/uploads\/2022\/02\/bodegas-pago-larrainzar-768x512.jpg 768w, https:\/\/www.campingsnavarra.com\/wp-content\/uploads\/2022\/02\/bodegas-pago-larrainzar-900x600.jpg 900w, https:\/\/www.campingsnavarra.com\/wp-content\/uploads\/2022\/02\/bodegas-pago-larrainzar.jpg 960w\" sizes=\"auto, (max-width: 300px) 100vw, 300px\" \/><\/a><\/div><div class=\"contenido-listado\"><a href=\"https:\/\/www.campingsnavarra.com\/it\/store\/cantina-pago-de-larrainzar\/\"><div class=\"ficha-defecto\">\n<h2>Cantina Pago de Larrainzar<\/h2>\n<h3>(Ayegui)<\/h3>\nSplendida cantina familiare, circondata da 17 ettari di vigneti, nel cuore del Cammino di Santiago. Un ambiente unico, ai piedi di Montejurra e accanto al Monastero di Irache.\n\n<strong>Lasciatevi conquistare dai sensi in un luogo magico.<\/strong>\n\nPago de Larrainzar vi offre una nuova esperienza per conoscere l'anima e il segreto dei nostri vini. Su prenotazione \u00e8 possibile effettuare una visita guidata del vigneto, dell'innovativo giardino del vino e della cantina. E dopo, con la pace e la tranquillit\u00e0 che un buon vino richiede, potrete godervi una degustazione commentata con noi, per vedere, annusare e assaggiare i nostri dintorni.\n\n<strong>Offriamo vari tipi di degustazioni guidate, aperitivi, pasti per gruppi, giochi di degustazione, giri in scooter...<\/strong>\n\nUna destinazione vinicola amichevole, familiare e divertente.\n\nVi aspettiamo!\n\n<\/div><\/a><\/div><h4>Contact <\/h4><div class=\"link-tienda\"><strong><a href=\"https:\/\/www.campingsnavarra.com\/it\/store\/cantina-pago-de-larrainzar\/\">+ Info<\/a><\/strong><\/div><\/div><\/div><\/div><div class=\"store-locator-row\"><div class=\"store-locator-col-sm-4\"><div class=\"wordpress-store-locator-list-item\"><div class=\"img-listado\"><a href=\"https:\/\/www.campingsnavarra.com\/it\/store\/compagnia-di-guide-las-bardenas\/\"><img loading=\"lazy\" decoding=\"async\" width=\"300\" height=\"127\" src=\"https:\/\/www.campingsnavarra.com\/wp-content\/uploads\/2022\/03\/Horizontal_Neg_col-300x127.jpg\" class=\"attachment-medium size-medium wp-post-image\" alt=\"\" srcset=\"https:\/\/www.campingsnavarra.com\/wp-content\/uploads\/2022\/03\/Horizontal_Neg_col-300x127.jpg 300w, https:\/\/www.campingsnavarra.com\/wp-content\/uploads\/2022\/03\/Horizontal_Neg_col.jpg 692w\" sizes=\"auto, (max-width: 300px) 100vw, 300px\" \/><\/a><\/div><div class=\"contenido-listado\"><a href=\"https:\/\/www.campingsnavarra.com\/it\/store\/compagnia-di-guide-las-bardenas\/\"><div class=\"ficha-defecto\">\n<h2>Societ\u00e0 di guide Bardenas<\/h2>\n<h3>(Tudela)<\/h3>\n<div class=\"divleft\">\n<div class=\"textoleft\">\n\nIl nostro impegno nei vostri confronti non \u00e8 solo quello di mostrarvi il lato migliore del Parco Naturale delle Bardenas Reales, ma anche di offrirvi tutte le informazioni necessarie per conoscere questo luogo unico al mondo attraverso i nostri percorsi 4X4, percorsi ebike, visite guidate ed escursioni.\n\n<\/div>\n<\/div>\n<div class=\"divreservas\"><\/div>\n<\/div><\/a><\/div><h4>Contact <\/h4><div class=\"link-tienda\"><strong><a href=\"https:\/\/www.campingsnavarra.com\/it\/store\/compagnia-di-guide-las-bardenas\/\">+ Info<\/a><\/strong><\/div><\/div><\/div><div class=\"store-locator-col-sm-4\"><div class=\"wordpress-store-locator-list-item\"><div class=\"img-listado\"><a href=\"https:\/\/www.campingsnavarra.com\/it\/store\/destinazione-navarra\/\"><img loading=\"lazy\" decoding=\"async\" width=\"300\" height=\"169\" src=\"https:\/\/www.campingsnavarra.com\/wp-content\/uploads\/2022\/04\/Canada-8-300x169.jpeg\" class=\"attachment-medium size-medium wp-post-image\" alt=\"\" srcset=\"https:\/\/www.campingsnavarra.com\/wp-content\/uploads\/2022\/04\/Canada-8-300x169.jpeg 300w, https:\/\/www.campingsnavarra.com\/wp-content\/uploads\/2022\/04\/Canada-8-1024x576.jpeg 1024w, https:\/\/www.campingsnavarra.com\/wp-content\/uploads\/2022\/04\/Canada-8-768x432.jpeg 768w, https:\/\/www.campingsnavarra.com\/wp-content\/uploads\/2022\/04\/Canada-8.jpeg 1280w\" sizes=\"auto, (max-width: 300px) 100vw, 300px\" \/><\/a><\/div><div class=\"contenido-listado\"><a href=\"https:\/\/www.campingsnavarra.com\/it\/store\/destinazione-navarra\/\"><div class=\"ficha-defecto\">\n<h2>Destinazione Navarra<\/h2>\n<h3>(Pamplona)<\/h3>\n<strong>Destino Navarra<\/strong> riunisce diverse <strong>Guide Turistiche Ufficiali di Pamplona e della Navarra<\/strong> organizzate secondo un sistema di gestione cooperativa. Siamo <strong>guide locali<\/strong>, conosciamo la nostra regione, la sua storia, la sua cultura, le sue tradizioni... e amiamo mostrare il lato locale della Navarra a chi ci visita.\n\nAdattiamo le visite guidate alle caratteristiche dei clienti e assistiamo i turisti in <strong>diverse lingue<\/strong> (spagnolo, basco, inglese, francese, tedesco, italiano, portoghese).\n\n- Visite guidate a Pamplona\n\n- Escursioni in Navarra\n\n- Escursioni e Ebike in Navarra\n\n- Il Cammino di Santiago\n\n- Attivit\u00e0 a Bardenas Reales\n\n- Feste di San Ferm\u00edn\n\n<\/div><\/a><\/div><h4>Contact <\/h4><div class=\"link-tienda\"><strong><a href=\"https:\/\/www.campingsnavarra.com\/it\/store\/destinazione-navarra\/\">+ Info<\/a><\/strong><\/div><\/div><\/div><div class=\"store-locator-col-sm-4\"><div class=\"wordpress-store-locator-list-item\"><div class=\"img-listado\"><a href=\"https:\/\/www.campingsnavarra.com\/it\/store\/distillerie-zoco\/\"><img loading=\"lazy\" decoding=\"async\" width=\"300\" height=\"225\" src=\"https:\/\/www.campingsnavarra.com\/wp-content\/uploads\/2022\/03\/destilerias-zoco-300x225.jpg\" class=\"attachment-medium size-medium wp-post-image\" alt=\"\" srcset=\"https:\/\/www.campingsnavarra.com\/wp-content\/uploads\/2022\/03\/destilerias-zoco-300x225.jpg 300w, https:\/\/www.campingsnavarra.com\/wp-content\/uploads\/2022\/03\/destilerias-zoco-1024x768.jpg 1024w, https:\/\/www.campingsnavarra.com\/wp-content\/uploads\/2022\/03\/destilerias-zoco-768x576.jpg 768w, https:\/\/www.campingsnavarra.com\/wp-content\/uploads\/2022\/03\/destilerias-zoco-1536x1152.jpg 1536w, https:\/\/www.campingsnavarra.com\/wp-content\/uploads\/2022\/03\/destilerias-zoco.jpg 2048w\" sizes=\"auto, (max-width: 300px) 100vw, 300px\" \/><\/a><\/div><div class=\"contenido-listado\"><a href=\"https:\/\/www.campingsnavarra.com\/it\/store\/distillerie-zoco\/\"><div class=\"ficha-defecto\">\n<h2>Distillerie Zoco<\/h2>\n<h3>(Dicastillo)<\/h3>\nIl pachar\u00e1n \u00e8 una delle tradizioni pi\u00f9 antiche della Navarra: gi\u00e0 pi\u00f9 di 500 anni fa veniva prodotto nei nostri villaggi. Visitare una distilleria di pachar\u00e1n \u00e8 quindi un'esperienza totalmente legata alle nostre tradizioni, che potrete fare solo durante il vostro soggiorno in Navarra.\n\n<span style=\"font-weight: 400;\">Destiler\u00edas Zoco vi apre le porte per farvi scoprire una delle tradizioni pi\u00f9 autentiche e radicate della Navarra attraverso un'esperienza ricca di colori, aromi e sapori.  <\/span>\n\n<span style=\"font-weight: 400;\">Situato <\/span>negli antichi giardini del Palacio de la Condesa de la Vega del Pozo, una passeggiata nei giardini vi condurr\u00e0 alle prugnole, origine del frutto da cui si ricava il nostro pachar\u00e1n. In un divertente laboratorio di degustazione imparerete tutti i segreti della storia e della produzione del pachar\u00e1n. E, dopo aver visitato l'area di elaborazione, imparerete a preparare un cocktail nel nostro laboratorio di cocktail.\n\nVenite a trovarci!\n\n<\/div><\/a><\/div><h4>Contact <\/h4><div class=\"link-tienda\"><strong><a href=\"https:\/\/www.campingsnavarra.com\/it\/store\/distillerie-zoco\/\">+ Info<\/a><\/strong><\/div><\/div><\/div><\/div><div class=\"store-locator-row\"><div class=\"store-locator-col-sm-4\"><div class=\"wordpress-store-locator-list-item\"><div class=\"img-listado\"><a href=\"https:\/\/www.campingsnavarra.com\/it\/store\/escursioni-in-navarra\/\"><img loading=\"lazy\" decoding=\"async\" width=\"300\" height=\"225\" src=\"https:\/\/www.campingsnavarra.com\/wp-content\/uploads\/2022\/03\/IMG_2669-300x225.jpg\" class=\"attachment-medium size-medium wp-post-image\" alt=\"\" srcset=\"https:\/\/www.campingsnavarra.com\/wp-content\/uploads\/2022\/03\/IMG_2669-300x225.jpg 300w, https:\/\/www.campingsnavarra.com\/wp-content\/uploads\/2022\/03\/IMG_2669-1024x768.jpg 1024w, https:\/\/www.campingsnavarra.com\/wp-content\/uploads\/2022\/03\/IMG_2669-768x576.jpg 768w, https:\/\/www.campingsnavarra.com\/wp-content\/uploads\/2022\/03\/IMG_2669-1536x1152.jpg 1536w, https:\/\/www.campingsnavarra.com\/wp-content\/uploads\/2022\/03\/IMG_2669.jpg 1600w\" sizes=\"auto, (max-width: 300px) 100vw, 300px\" \/><\/a><\/div><div class=\"contenido-listado\"><a href=\"https:\/\/www.campingsnavarra.com\/it\/store\/escursioni-in-navarra\/\"><div class=\"ficha-defecto\">\n<h2>Escursioni in Navarra<\/h2>\n<h3>(Tafalla)<\/h3>\nSi tratta di tour in pulmino per coppie o piccoli gruppi, con un massimo di 8 persone e accompagnati da una guida locale per tutta la durata del tour.\n\n<\/div><\/a><\/div><h4>Contact <\/h4><div class=\"link-tienda\"><strong><a href=\"https:\/\/www.campingsnavarra.com\/it\/store\/escursioni-in-navarra\/\">+ Info<\/a><\/strong><\/div><\/div><\/div><div class=\"store-locator-col-sm-4\"><div class=\"wordpress-store-locator-list-item\"><div class=\"img-listado\"><a href=\"https:\/\/www.campingsnavarra.com\/it\/store\/fattoria-jimenez\/\"><img loading=\"lazy\" decoding=\"async\" width=\"300\" height=\"225\" src=\"https:\/\/www.campingsnavarra.com\/wp-content\/uploads\/2022\/03\/FOTO-LOGO-GRANJA-300x225.jpg\" class=\"attachment-medium size-medium wp-post-image\" alt=\"\" srcset=\"https:\/\/www.campingsnavarra.com\/wp-content\/uploads\/2022\/03\/FOTO-LOGO-GRANJA-300x225.jpg 300w, https:\/\/www.campingsnavarra.com\/wp-content\/uploads\/2022\/03\/FOTO-LOGO-GRANJA.jpg 720w\" sizes=\"auto, (max-width: 300px) 100vw, 300px\" \/><\/a><\/div><div class=\"contenido-listado\"><a href=\"https:\/\/www.campingsnavarra.com\/it\/store\/fattoria-jimenez\/\"><div class=\"ficha-defecto\">\n<h2>Fattoria Jimenez<\/h2>\n<h3>(Tafalla)<\/h3>\nGranja Jim\u00e9nez \u00e8 un progetto familiare integrato nell'ambiente rurale, con anni di esperienza nell'allevamento di animali (polli e conigli biologici) per il consumo successivo.\nCrediamo fermamente nella conservazione dell'ambiente naturale, legata a un'attivit\u00e0 sostenibile e rispettosa dell'ambiente rurale.\nCi dedichiamo alla macellazione di selvaggina d'allevamento, pollame, anatre e conigli, al sezionamento della selvaggina, nonch\u00e9 allo stoccaggio multiuso, alla lavorazione dei prodotti, al confezionamento e alla successiva distribuzione.\n\n<\/div><\/a><\/div><h4>Contact <\/h4><div class=\"link-tienda\"><strong><a href=\"https:\/\/www.campingsnavarra.com\/it\/store\/fattoria-jimenez\/\">+ Info<\/a><\/strong><\/div><\/div><\/div><div class=\"store-locator-col-sm-4\"><div class=\"wordpress-store-locator-list-item\"><div class=\"img-listado\"><a href=\"https:\/\/www.campingsnavarra.com\/it\/store\/finca-la-noria\/\"><img loading=\"lazy\" decoding=\"async\" width=\"300\" height=\"150\" src=\"https:\/\/www.campingsnavarra.com\/wp-content\/uploads\/2022\/03\/LOGO-ACTUALIZADO-BIO-TRAILLA-50-TAMANO-300x150.jpg\" class=\"attachment-medium size-medium wp-post-image\" alt=\"\" srcset=\"https:\/\/www.campingsnavarra.com\/wp-content\/uploads\/2022\/03\/LOGO-ACTUALIZADO-BIO-TRAILLA-50-TAMANO-300x150.jpg 300w, https:\/\/www.campingsnavarra.com\/wp-content\/uploads\/2022\/03\/LOGO-ACTUALIZADO-BIO-TRAILLA-50-TAMANO.jpg 457w\" sizes=\"auto, (max-width: 300px) 100vw, 300px\" \/><\/a><\/div><div class=\"contenido-listado\"><a href=\"https:\/\/www.campingsnavarra.com\/it\/store\/finca-la-noria\/\"><div class=\"ficha-defecto\">\n<h2>Azienda agricola La Noria \"Bio Trailla\".<\/h2>\n<h3>(Bu\u00f1uel)<\/h3>\nTenuta di famiglia situata nel cuore della Valle dell'Ebro con splendide viste sul Parco Naturale delle Bardenas Reales de Navarra e su Moncayo. L'intera azienda agricola \u00e8 certificata biologica e coltiva circa 80 colture diverse durante l'anno. L'azienda dispone di diverse stazioni di impollinazione e di galline ruspanti. Il prodotto viene portato dall'azienda agricola a una sala di imballaggio dove gli ordini vengono preparati e caricati e, nella maggior parte dei casi, arrivano direttamente a casa del cliente in sole 24 ore. Grazie a questo corto circuito, non ci sono intermediari, le verdure arrivano in perfette condizioni e di ottima qualit\u00e0.\n\n<\/div><\/a><\/div><h4>Contact <\/h4><div class=\"link-tienda\"><strong><a href=\"https:\/\/www.campingsnavarra.com\/it\/store\/finca-la-noria\/\">+ Info<\/a><\/strong><\/div><\/div><\/div><\/div><div class=\"store-locator-row\"><div class=\"store-locator-col-sm-4\"><div class=\"wordpress-store-locator-list-item\"><div class=\"img-listado\"><a href=\"https:\/\/www.campingsnavarra.com\/it\/store\/maskarada\/\"><img loading=\"lazy\" decoding=\"async\" width=\"300\" height=\"200\" src=\"https:\/\/www.campingsnavarra.com\/wp-content\/uploads\/2022\/02\/maskarada-cerdo-300x200.jpg\" class=\"attachment-medium size-medium wp-post-image\" alt=\"\" srcset=\"https:\/\/www.campingsnavarra.com\/wp-content\/uploads\/2022\/02\/maskarada-cerdo-300x200.jpg 300w, https:\/\/www.campingsnavarra.com\/wp-content\/uploads\/2022\/02\/maskarada-cerdo-1024x683.jpg 1024w, https:\/\/www.campingsnavarra.com\/wp-content\/uploads\/2022\/02\/maskarada-cerdo-768x512.jpg 768w, https:\/\/www.campingsnavarra.com\/wp-content\/uploads\/2022\/02\/maskarada-cerdo-1536x1024.jpg 1536w, https:\/\/www.campingsnavarra.com\/wp-content\/uploads\/2022\/02\/maskarada-cerdo-900x600.jpg 900w, https:\/\/www.campingsnavarra.com\/wp-content\/uploads\/2022\/02\/maskarada-cerdo.jpg 1944w\" sizes=\"auto, (max-width: 300px) 100vw, 300px\" \/><\/a><\/div><div class=\"contenido-listado\"><a href=\"https:\/\/www.campingsnavarra.com\/it\/store\/maskarada\/\"><div class=\"ficha-defecto\">\n<h2>MASKARADA<\/h2>\n<h3>(Lekunberri)<\/h3>\nTra boschi di querce, faggi, noccioli e agrifogli, il maiale P\u00edo Negro (Euskal Txerri) si aggira felice nei prati di Lekunberri, in Navarra. L\u00ec, Jos\u00e9 Ignacio Jauregui \u00e8 riuscito a recuperare questa razza autoctona, a cui rende omaggio nel suo ristorante Maskarada.\n\nJoxi Jauregui \u00e8 un produttore, trasformatore e venditore del prodotto finale, non di canali. Per questo motivo ha deciso di allestire un ristorante all'interno della fabbrica, con tavoli dietro il negozio, come grande vetrina per i suoi prodotti e dove lui stesso mostra e dimostra le loro possibilit\u00e0 in cucina. \"Non sono uno chef, ma non ne ho bisogno, tutto quello che facciamo qui \u00e8 molto semplice, non facciamo salse o cose del genere, e al massimo combiniamo tre sapori. Questo \u00e8 il nostro marketing, i professionisti di molti ristoranti vengono qui\".\n\n<\/div><\/a><\/div><h4>Contact <\/h4><div class=\"link-tienda\"><strong><a href=\"https:\/\/www.campingsnavarra.com\/it\/store\/maskarada\/\">+ Info<\/a><\/strong><\/div><\/div><\/div><div class=\"store-locator-col-sm-4\"><div class=\"wordpress-store-locator-list-item\"><div class=\"img-listado\"><a href=\"https:\/\/www.campingsnavarra.com\/it\/store\/museo-del-tartufo\/\"><img loading=\"lazy\" decoding=\"async\" width=\"300\" height=\"202\" src=\"https:\/\/www.campingsnavarra.com\/wp-content\/uploads\/2022\/02\/001_museo-de-la-trufa-metauten-rutadelvino-enoturismo-navarraespana-wine-turism-spian-1-300x202.jpg\" class=\"attachment-medium size-medium wp-post-image\" alt=\"\" srcset=\"https:\/\/www.campingsnavarra.com\/wp-content\/uploads\/2022\/02\/001_museo-de-la-trufa-metauten-rutadelvino-enoturismo-navarraespana-wine-turism-spian-1-300x202.jpg 300w, https:\/\/www.campingsnavarra.com\/wp-content\/uploads\/2022\/02\/001_museo-de-la-trufa-metauten-rutadelvino-enoturismo-navarraespana-wine-turism-spian-1-600x403.jpg 600w, https:\/\/www.campingsnavarra.com\/wp-content\/uploads\/2022\/02\/001_museo-de-la-trufa-metauten-rutadelvino-enoturismo-navarraespana-wine-turism-spian-1-400x269.jpg 400w, https:\/\/www.campingsnavarra.com\/wp-content\/uploads\/2022\/02\/001_museo-de-la-trufa-metauten-rutadelvino-enoturismo-navarraespana-wine-turism-spian-1.jpg 662w\" sizes=\"auto, (max-width: 300px) 100vw, 300px\" \/><\/a><\/div><div class=\"contenido-listado\"><a href=\"https:\/\/www.campingsnavarra.com\/it\/store\/museo-del-tartufo\/\"><div class=\"ficha-defecto\">\n<h2>Museo del Tartufo<\/h2>\n<h3>(Metauten)<\/h3>\nL'unico museo interpretativo in Spagna dedicato a questo prodotto unico. L'obiettivo principale \u00e8 quello di far conoscere il tartufo nero (tuber melanosporum) che cresce naturalmente nella zona, nonch\u00e9 la sua storia, l'ambiente, la cultura, la biodiversit\u00e0 necessaria perch\u00e9 il tartufo arrivi fino a noi, i suoi valori naturali e gastronomici. Qui si possono fare tutti i tipi di attivit\u00e0 ed esperienze legate al tartufo: Truffle experience (ricerca di tartufi, sia selvatici che di piantagione, con un cane da tartufo), passeggiate guidate tra le tartufaie, passeggiate guidate attraverso la valle, escursioni guidate in mountain bike, visite guidate, visite drammatizzate, visite con bicchiere in mano, Truffle and honey experience, esperienze gastronomiche...\n\nPer quanto riguarda la gastronomia, disponiamo di uno spazio gastronomico \"La Ventana de Lokiz\" con una vista spettacolare sulla Sierra de Lokiz e sulle sue tartufaie naturali. Qui potremo assaggiare e gustare la gastronomia locale, con ricette tradizionali e un tocco gourmet, concentrandoci sui prodotti locali e sul capriccio della natura, il tartufo, accompagnati da vini locali e birre artigianali.\n\nVisite guidate: sabato, domenica e festivi: ore 10.30, 11.00, 12.30 e 13.30.\n\n<\/div><\/a><\/div><h4>Contact <\/h4><div class=\"link-tienda\"><strong><a href=\"https:\/\/www.campingsnavarra.com\/it\/store\/museo-del-tartufo\/\">+ Info<\/a><\/strong><\/div><\/div><\/div><div class=\"store-locator-col-sm-4\"><div class=\"wordpress-store-locator-list-item\"><div class=\"img-listado\"><a href=\"https:\/\/www.campingsnavarra.com\/it\/store\/museo-delle-conserve\/\"><img loading=\"lazy\" decoding=\"async\" width=\"300\" height=\"200\" src=\"https:\/\/www.campingsnavarra.com\/wp-content\/uploads\/2022\/03\/Exposicion-300x200.jpg\" class=\"attachment-medium size-medium wp-post-image\" alt=\"\" srcset=\"https:\/\/www.campingsnavarra.com\/wp-content\/uploads\/2022\/03\/Exposicion-300x200.jpg 300w, https:\/\/www.campingsnavarra.com\/wp-content\/uploads\/2022\/03\/Exposicion-1024x683.jpg 1024w, https:\/\/www.campingsnavarra.com\/wp-content\/uploads\/2022\/03\/Exposicion-768x512.jpg 768w, https:\/\/www.campingsnavarra.com\/wp-content\/uploads\/2022\/03\/Exposicion-1536x1024.jpg 1536w, https:\/\/www.campingsnavarra.com\/wp-content\/uploads\/2022\/03\/Exposicion-2048x1365.jpg 2048w, https:\/\/www.campingsnavarra.com\/wp-content\/uploads\/2022\/03\/Exposicion-900x600.jpg 900w\" sizes=\"auto, (max-width: 300px) 100vw, 300px\" \/><\/a><\/div><div class=\"contenido-listado\"><a href=\"https:\/\/www.campingsnavarra.com\/it\/store\/museo-delle-conserve\/\"><div class=\"ficha-defecto\">\n<h2>Museo delle Conserve<\/h2>\n<h3>(San Adrian)<\/h3>\nIl Museo de la Conserva si trova nel centro di San Adri\u00e1n, nell'antica fabbrica di El Navarrico.\n\nIl Museo si propone di conservare e diffondere il patrimonio industriale e bibliografico dell'industria conserviera, ripercorrendo le origini e il consolidamento del settore conserviero vegetale a San Adri\u00e1n.\n\n\u00c8 uno spazio ricco di contenuti dove, attraverso oggetti come vecchie lattine, utensili, documenti, macchinari, fotografie, contenuti audiovisivi... si ripercorre un viaggio attraverso le origini e il consolidamento del settore delle conserve vegetali.\n\n<\/div><\/a><\/div><h4>Contact <\/h4><div class=\"link-tienda\"><strong><a href=\"https:\/\/www.campingsnavarra.com\/it\/store\/museo-delle-conserve\/\">+ Info<\/a><\/strong><\/div><\/div><\/div><\/div><div class=\"store-locator-row\"><div class=\"store-locator-col-sm-4\"><div class=\"wordpress-store-locator-list-item\"><div class=\"img-listado\"><a href=\"https:\/\/www.campingsnavarra.com\/it\/store\/nattura\/\"><img loading=\"lazy\" decoding=\"async\" width=\"300\" height=\"133\" src=\"https:\/\/www.campingsnavarra.com\/wp-content\/uploads\/2022\/03\/Lumbier-300x133.jpg\" class=\"attachment-medium size-medium wp-post-image\" alt=\"\" srcset=\"https:\/\/www.campingsnavarra.com\/wp-content\/uploads\/2022\/03\/Lumbier-300x133.jpg 300w, https:\/\/www.campingsnavarra.com\/wp-content\/uploads\/2022\/03\/Lumbier-670x300.jpg 670w, https:\/\/www.campingsnavarra.com\/wp-content\/uploads\/2022\/03\/Lumbier.jpg 676w\" sizes=\"auto, (max-width: 300px) 100vw, 300px\" \/><\/a><\/div><div class=\"contenido-listado\"><a href=\"https:\/\/www.campingsnavarra.com\/it\/store\/nattura\/\"><div class=\"ficha-defecto\">\n<h2>Nattura<\/h2>\n<h3>(Lumbier)<\/h3>\n<h3>Discesa in gommone sul fiume Irati attraversando la Gola del Lumbier<\/h3>\n<div class=\"fichaDesc\">\n\nL'attivit\u00e0 perfetta per conoscere questa magnifica enclave <b>dall'interno<\/b>. L'obiettivo \u00e8 quello di farcelo conoscere in modo rispettoso e di entrare in contatto con i valori e le risorse naturali di questo habitat fluviale, che fa parte della <b>Rete Natura 2000<\/b>.\n\nSi tratta di un'area protetta, la Riserva Naturale <b>Foz de Lumbier. <\/b>\n\nFaremo un'escursione in gommone con le nostre guide, che ci insegneranno a formare una squadra per la discesa e ci faranno conoscere gli abitanti del luogo.\n\u00c8 un'attivit\u00e0 perfetta per <b>famiglie o gruppi di amici<\/b>.\n\n<\/div>\n<\/div><\/a><\/div><h4>Contact <\/h4><div class=\"link-tienda\"><strong><a href=\"https:\/\/www.campingsnavarra.com\/it\/store\/nattura\/\">+ Info<\/a><\/strong><\/div><\/div><\/div><div class=\"store-locator-col-sm-4\"><div class=\"wordpress-store-locator-list-item\"><div class=\"img-listado\"><a href=\"https:\/\/www.campingsnavarra.com\/it\/store\/novotur\/\"><img loading=\"lazy\" decoding=\"async\" width=\"300\" height=\"104\" src=\"https:\/\/www.campingsnavarra.com\/wp-content\/uploads\/2022\/04\/Olitecastillo-960x332-1-300x104.jpg\" class=\"attachment-medium size-medium wp-post-image\" alt=\"\" srcset=\"https:\/\/www.campingsnavarra.com\/wp-content\/uploads\/2022\/04\/Olitecastillo-960x332-1-300x104.jpg 300w, https:\/\/www.campingsnavarra.com\/wp-content\/uploads\/2022\/04\/Olitecastillo-960x332-1-768x266.jpg 768w, https:\/\/www.campingsnavarra.com\/wp-content\/uploads\/2022\/04\/Olitecastillo-960x332-1.jpg 960w\" sizes=\"auto, (max-width: 300px) 100vw, 300px\" \/><\/a><\/div><div class=\"contenido-listado\"><a href=\"https:\/\/www.campingsnavarra.com\/it\/store\/novotur\/\"><div class=\"ficha-defecto\">\n<h2>Novotur<\/h2>\n<h3>(Pamplona)<\/h3>\nNovotur ha iniziato la sua attivit\u00e0 nel 1996. Da allora lavoriamo con le pi\u00f9 importanti aziende del settore turistico e congressuale, sia a livello nazionale che internazionale.\n\nI nostri servizi sono richiesti anche da istituzioni come il Governo della Navarra o il Comune di Pamplona, cos\u00ec come da aziende industriali con sede in Navarra che hanno bisogno di assistere i loro visitatori o clienti VIP in modo professionale e di qualit\u00e0, dando valore aggiunto all'attenzione che ricevono.\n\nLe nostre guide possono accompagnarvi in inglese, francese, spagnolo, tedesco, italiano, russo e cinese.\n\n<\/div><\/a><\/div><h4>Contact <\/h4><div class=\"link-tienda\"><strong><a href=\"https:\/\/www.campingsnavarra.com\/it\/store\/novotur\/\">+ Info<\/a><\/strong><\/div><\/div><\/div><div class=\"store-locator-col-sm-4\"><div class=\"wordpress-store-locator-list-item\"><div class=\"img-listado\"><a href=\"https:\/\/www.campingsnavarra.com\/it\/store\/olio-artajo\/\"><img loading=\"lazy\" decoding=\"async\" width=\"300\" height=\"124\" src=\"https:\/\/www.campingsnavarra.com\/wp-content\/uploads\/2022\/09\/aceite-artajo-1-300x124.jpg\" class=\"attachment-medium size-medium wp-post-image\" alt=\"\" srcset=\"https:\/\/www.campingsnavarra.com\/wp-content\/uploads\/2022\/09\/aceite-artajo-1-300x124.jpg 300w, https:\/\/www.campingsnavarra.com\/wp-content\/uploads\/2022\/09\/aceite-artajo-1-1024x425.jpg 1024w, https:\/\/www.campingsnavarra.com\/wp-content\/uploads\/2022\/09\/aceite-artajo-1-768x318.jpg 768w, https:\/\/www.campingsnavarra.com\/wp-content\/uploads\/2022\/09\/aceite-artajo-1-1536x637.jpg 1536w, https:\/\/www.campingsnavarra.com\/wp-content\/uploads\/2022\/09\/aceite-artajo-1-1870x770.jpg 1870w, https:\/\/www.campingsnavarra.com\/wp-content\/uploads\/2022\/09\/aceite-artajo-1.jpg 2048w\" sizes=\"auto, (max-width: 300px) 100vw, 300px\" \/><\/a><\/div><div class=\"contenido-listado\"><a href=\"https:\/\/www.campingsnavarra.com\/it\/store\/olio-artajo\/\"><div class=\"ficha-defecto\">\n<h2>Olio Artajo<\/h2>\n<h3>(Fontellas)<\/h3>\nOleoturismo: siamo in un contesto unico, dove si pu\u00f2 godere della natura e allo stesso tempo imparare tutto sull'olio extravergine di oliva che produciamo ad Artajo.\n\n<\/div><\/a><\/div><h4>Contact <\/h4><div class=\"link-tienda\"><strong><a href=\"https:\/\/www.campingsnavarra.com\/it\/store\/olio-artajo\/\">+ Info<\/a><\/strong><\/div><\/div><\/div><\/div><div class=\"store-locator-row\"><div class=\"store-locator-col-sm-4\"><div class=\"wordpress-store-locator-list-item\"><div class=\"img-listado\"><a href=\"https:\/\/www.campingsnavarra.com\/it\/store\/scuola-agricola-ultzama\/\"><img loading=\"lazy\" decoding=\"async\" width=\"300\" height=\"180\" src=\"https:\/\/www.campingsnavarra.com\/wp-content\/uploads\/2022\/04\/cabras-granja-escuela-ultzama-300x180.jpg\" class=\"attachment-medium size-medium wp-post-image\" alt=\"\" srcset=\"https:\/\/www.campingsnavarra.com\/wp-content\/uploads\/2022\/04\/cabras-granja-escuela-ultzama-300x180.jpg 300w, https:\/\/www.campingsnavarra.com\/wp-content\/uploads\/2022\/04\/cabras-granja-escuela-ultzama.jpg 670w\" sizes=\"auto, (max-width: 300px) 100vw, 300px\" \/><\/a><\/div><div class=\"contenido-listado\"><a href=\"https:\/\/www.campingsnavarra.com\/it\/store\/scuola-agricola-ultzama\/\"><div class=\"ficha-defecto\">\n<h2>Scuola agricola Ultzama<\/h2>\n<h3>(Lizaso)<\/h3>\nPROGETTO LUMACA, CASEIFICIO DIDATTICO, FORESTA DI ORGI\n\nNella nostra Fondazione potrete svolgere diversi tipi di attivit\u00e0, tutte legate al mondo rurale:\n<ul>\n \t<li>Ultzama Farm School: visitate la nostra fattoria piena di animali salvati e imparate con loro (allevamento, riproduzione, ...). Aiutateci a nutrirli o a dargli il biberon se arrivate al momento giusto.<\/li>\n \t<li>Proyecto Caracol: consiste in una mensa con criteri Slow Food (cibo buono, giusto e pulito, nel raggio di 100 km). Per poter mangiare qui, dovete soddisfare due requisiti: fare un'attivit\u00e0 con noi e ordinare ci\u00f2 che volete assaggiare il mercoled\u00ec prima di venire alla visita, al bosco, al laboratorio, al caseificio. Arrostito in un forno a legna di quercia, il cibo viene preparato il giorno stesso su richiesta, in modo che non rimanga nulla e sia totalmente fatto in casa. Qui si tengono anche laboratori sul cibo.<\/li>\n \t<li>Caseificio didattico di bioedilizia Mikaela: qui possiamo insegnarvi a fare il formaggio. Potete anche preparare i vostri formaggi e noi li faremo stagionare per voi fino a quando non verrete per la vendemmia oppure possiamo ordinare i formaggi \u00e0 la carte.<\/li>\n \t<li>ANR Bosque de Orgi: visita a uno dei pochi boschi di querce di fondovalle in Europa. Se ne avete voglia, facciamo visite guidate, potete fare un barbecue e scoprire dove \u00e8 stato girato il film \"Robin e Marian\".<\/li>\n<\/ul>\n<\/div><\/a><\/div><h4>Contact <\/h4><div class=\"link-tienda\"><strong><a href=\"https:\/\/www.campingsnavarra.com\/it\/store\/scuola-agricola-ultzama\/\">+ Info<\/a><\/strong><\/div><\/div><\/div><div class=\"store-locator-col-sm-4\"><div class=\"wordpress-store-locator-list-item\"><div class=\"img-listado\"><a href=\"https:\/\/www.campingsnavarra.com\/it\/store\/servizi-turistici-di-aunak\/\"><img loading=\"lazy\" decoding=\"async\" width=\"300\" height=\"169\" src=\"https:\/\/www.campingsnavarra.com\/wp-content\/uploads\/2022\/09\/aunak-servicios-turisticos-300x169.jpg\" class=\"attachment-medium size-medium wp-post-image\" alt=\"\" srcset=\"https:\/\/www.campingsnavarra.com\/wp-content\/uploads\/2022\/09\/aunak-servicios-turisticos-300x169.jpg 300w, https:\/\/www.campingsnavarra.com\/wp-content\/uploads\/2022\/09\/aunak-servicios-turisticos-1024x576.jpg 1024w, https:\/\/www.campingsnavarra.com\/wp-content\/uploads\/2022\/09\/aunak-servicios-turisticos-768x432.jpg 768w, https:\/\/www.campingsnavarra.com\/wp-content\/uploads\/2022\/09\/aunak-servicios-turisticos-1536x864.jpg 1536w, https:\/\/www.campingsnavarra.com\/wp-content\/uploads\/2022\/09\/aunak-servicios-turisticos.jpg 1600w\" sizes=\"auto, (max-width: 300px) 100vw, 300px\" \/><\/a><\/div><div class=\"contenido-listado\"><a href=\"https:\/\/www.campingsnavarra.com\/it\/store\/servizi-turistici-di-aunak\/\"><div class=\"ficha-defecto\">\n<h2>Servizi turistici di AU\u00d1AK<\/h2>\n<h3>(Garralda)<\/h3>\nScoprite, in poche ore e dall'interno, l'immensit\u00e0 della Foresta di Irati. Oltre alle impressionanti foreste, vi mostreremo come l'uomo ha gradualmente modellato il paesaggio attraverso l'allevamento, la silvicoltura e le attivit\u00e0 minerarie.\n\nLa fabbrica di armi reali di Orbaitzeta, le guerre, la frontiera, il contrabbando, i cromlech, la torre di Urkulu, i granai di Aezkoa,...\n\n<strong>Servizi offerti:<\/strong>\n\n- Visite guidate in un veicolo 4\u00d74, accompagnate da un autista-guida: l'<strong>unica guida autorizzata<\/strong> ad entrare nella Foresta di Irati con un veicolo motorizzato.\n\n- Trasferimenti e prelievi in montagna per escursionisti, mountain bike, pellegrini del Cammino di Santiago, ecc.\n\n- SERVIZIO TAXI\n\n<\/div><\/a><\/div><h4>Contact <\/h4><div class=\"link-tienda\"><strong><a href=\"https:\/\/www.campingsnavarra.com\/it\/store\/servizi-turistici-di-aunak\/\">+ Info<\/a><\/strong><\/div><\/div><\/div><div class=\"store-locator-col-sm-4\"><div class=\"wordpress-store-locator-list-item\"><div class=\"img-listado\"><a href=\"https:\/\/www.campingsnavarra.com\/it\/store\/sopraelevate\/\"><img loading=\"lazy\" decoding=\"async\" width=\"300\" height=\"177\" src=\"https:\/\/www.campingsnavarra.com\/wp-content\/uploads\/2022\/03\/Logo_overtrails_incoming-300x177.jpg\" class=\"attachment-medium size-medium wp-post-image\" alt=\"\" srcset=\"https:\/\/www.campingsnavarra.com\/wp-content\/uploads\/2022\/03\/Logo_overtrails_incoming-300x177.jpg 300w, https:\/\/www.campingsnavarra.com\/wp-content\/uploads\/2022\/03\/Logo_overtrails_incoming-1024x606.jpg 1024w, https:\/\/www.campingsnavarra.com\/wp-content\/uploads\/2022\/03\/Logo_overtrails_incoming-768x454.jpg 768w, https:\/\/www.campingsnavarra.com\/wp-content\/uploads\/2022\/03\/Logo_overtrails_incoming.jpg 1474w\" sizes=\"auto, (max-width: 300px) 100vw, 300px\" \/><\/a><\/div><div class=\"contenido-listado\"><a href=\"https:\/\/www.campingsnavarra.com\/it\/store\/sopraelevate\/\"><div class=\"ficha-defecto\">\n<h2>Sopraelevate<\/h2>\n<h3>Pamplona<\/h3>\nSpecializzato in turismo gastronomico, sia per esperienze individuali che per gruppi. Un ampio programma per scoprire la gastronomia navarrese attraverso INTIA Reyno Gourmet. Condividerete l'esperienza e la conoscenza dei produttori gastronomici locali; l'elaborazione, i modi di vita, la cultura e i segreti della loro arte culinaria.\n\n<\/div><\/a><\/div><h4>Contact <\/h4><div class=\"link-tienda\"><strong><a href=\"https:\/\/www.campingsnavarra.com\/it\/store\/sopraelevate\/\">+ Info<\/a><\/strong><\/div><\/div><\/div><\/div><div class=\"store-locator-row\"><div class=\"store-locator-col-sm-4\"><div class=\"wordpress-store-locator-list-item\"><div class=\"img-listado\"><a href=\"https:\/\/www.campingsnavarra.com\/it\/store\/tenuta-arinzano\/\"><img loading=\"lazy\" decoding=\"async\" width=\"300\" height=\"200\" src=\"https:\/\/www.campingsnavarra.com\/wp-content\/uploads\/2022\/02\/propiedad-arinzano-visita-bodega-300x200.jpg\" class=\"attachment-medium size-medium wp-post-image\" alt=\"\" srcset=\"https:\/\/www.campingsnavarra.com\/wp-content\/uploads\/2022\/02\/propiedad-arinzano-visita-bodega-300x200.jpg 300w, https:\/\/www.campingsnavarra.com\/wp-content\/uploads\/2022\/02\/propiedad-arinzano-visita-bodega-1024x683.jpg 1024w, https:\/\/www.campingsnavarra.com\/wp-content\/uploads\/2022\/02\/propiedad-arinzano-visita-bodega-768x512.jpg 768w, https:\/\/www.campingsnavarra.com\/wp-content\/uploads\/2022\/02\/propiedad-arinzano-visita-bodega-900x600.jpg 900w, https:\/\/www.campingsnavarra.com\/wp-content\/uploads\/2022\/02\/propiedad-arinzano-visita-bodega.jpg 1500w\" sizes=\"auto, (max-width: 300px) 100vw, 300px\" \/><\/a><\/div><div class=\"contenido-listado\"><a href=\"https:\/\/www.campingsnavarra.com\/it\/store\/tenuta-arinzano\/\"><div class=\"ficha-defecto\">\n<h2>Tenuta Ar\u00ednzano<\/h2>\n<h3>(Aber\u00edn)<\/h3>\nTurismo del vino: godetevi un meraviglioso soggiorno in Navarra. Vi offriamo il modo migliore per godervi l'ambiente circostante, la seduzione del mondo delle cantine e dei vigneti e attivit\u00e0 enoturistiche esclusive.\n\nVisite e degustazioni: seguite il percorso naturale dall'uva al vino e scoprite i nostri prestigiosi vini nel cuore della loro produzione, degustandoli direttamente dalle botti. Visita alla cantina e degustazione di botti. Visita della tenuta in fuoristrada, degustazione della cantina e delle botti. Degustazioni individuali: introduzione ai concetti di degustazione del vino.\n\nEsperienza gastronomica in un ambiente unico. Situata in uno dei nostri edifici storici pi\u00f9 emblematici, la Torre Medievale, la nostra Ham Room offre un'esperienza gastronomica impareggiabile, incorniciata da una vista sul vigneto difficile da dimenticare. Degustazione di prosciutto iberico proveniente dalle migliori regioni della Spagna. Degustazioni con un assortimento di salumi iberici. Degustazioni abbinate alle verdure del nostro orto biologico. Pranzi o cene in coppia.\n\nAltre attivit\u00e0: Esperienza di iniziazione, Conoscitore, Raccolta, Caccia al tartufo, Picnic, Selvaggio, Sotterraneo, Moneo.\n\n<\/div><\/a><\/div><h4>Contact <\/h4><div class=\"link-tienda\"><strong><a href=\"https:\/\/www.campingsnavarra.com\/it\/store\/tenuta-arinzano\/\">+ Info<\/a><\/strong><\/div><\/div><\/div><div class=\"store-locator-col-sm-4\"><div class=\"wordpress-store-locator-list-item\"><div class=\"img-listado\"><a href=\"https:\/\/www.campingsnavarra.com\/it\/store\/tudeguia\/\"><img loading=\"lazy\" decoding=\"async\" width=\"200\" height=\"300\" src=\"https:\/\/www.campingsnavarra.com\/wp-content\/uploads\/2022\/03\/IMG-20190623-WA0027-200x300.jpg\" class=\"attachment-medium size-medium wp-post-image\" alt=\"\" srcset=\"https:\/\/www.campingsnavarra.com\/wp-content\/uploads\/2022\/03\/IMG-20190623-WA0027-200x300.jpg 200w, https:\/\/www.campingsnavarra.com\/wp-content\/uploads\/2022\/03\/IMG-20190623-WA0027-683x1024.jpg 683w, https:\/\/www.campingsnavarra.com\/wp-content\/uploads\/2022\/03\/IMG-20190623-WA0027-768x1152.jpg 768w, https:\/\/www.campingsnavarra.com\/wp-content\/uploads\/2022\/03\/IMG-20190623-WA0027.jpg 1000w\" sizes=\"auto, (max-width: 200px) 100vw, 200px\" \/><\/a><\/div><div class=\"contenido-listado\"><a href=\"https:\/\/www.campingsnavarra.com\/it\/store\/tudeguia\/\"><div class=\"ficha-defecto\">\n<h2>Tudegu\u00eda<\/h2>\n<h3>(Tudela)<\/h3>\nVisite guidate alla Ribera de Navarra, con particolare attenzione a Tudela, Bardenas e El Bocal. Oltre a Tarazona e Alfaro.\n\n<\/div><\/a><\/div><h4>Contact <\/h4><div class=\"link-tienda\"><strong><a href=\"https:\/\/www.campingsnavarra.com\/it\/store\/tudeguia\/\">+ Info<\/a><\/strong><\/div><\/div><\/div><div class=\"store-locator-col-sm-4\"><div class=\"wordpress-store-locator-list-item\"><div class=\"img-listado\"><a href=\"https:\/\/www.campingsnavarra.com\/it\/store\/tudela-me-pone\/\"><img loading=\"lazy\" decoding=\"async\" width=\"225\" height=\"300\" src=\"https:\/\/www.campingsnavarra.com\/wp-content\/uploads\/2022\/04\/tudela-me-pone-225x300.jpg\" class=\"attachment-medium size-medium wp-post-image\" alt=\"\" srcset=\"https:\/\/www.campingsnavarra.com\/wp-content\/uploads\/2022\/04\/tudela-me-pone-225x300.jpg 225w, https:\/\/www.campingsnavarra.com\/wp-content\/uploads\/2022\/04\/tudela-me-pone.jpg 720w\" sizes=\"auto, (max-width: 225px) 100vw, 225px\" \/><\/a><\/div><div class=\"contenido-listado\"><a href=\"https:\/\/www.campingsnavarra.com\/it\/store\/tudela-me-pone\/\"><div class=\"ficha-defecto\">\n<h2>Tudela mi eccita<\/h2>\n<h3>(Tudela)<\/h3>\nVenite a scoprire Tudela con noi!\nSiamo innamorati della nostra citt\u00e0, del suo passato, dei suoi angoli e conosciamo a fondo i dettagli della sua storia, per questo amiamo mostrarla alle persone che vengono a visitare Tudela.\n\nI nostri itinerari tematici e le nostre visite guidate sono ricchi di aneddoti, passione e voglia di mostrare una citt\u00e0 che sorprende e incanta. Sono diverse, alternative, accattivanti, coinvolgenti e si distaccano da altri tipi di visite che potreste aver conosciuto.\n\n<\/div><\/a><\/div><h4>Contact <\/h4><div class=\"link-tienda\"><strong><a href=\"https:\/\/www.campingsnavarra.com\/it\/store\/tudela-me-pone\/\">+ Info<\/a><\/strong><\/div><\/div><\/div><\/div><div class=\"store-locator-row\"><div class=\"store-locator-col-sm-4\"><div class=\"wordpress-store-locator-list-item\"><div class=\"img-listado\"><a href=\"https:\/\/www.campingsnavarra.com\/it\/store\/verde-yugen\/\"><img loading=\"lazy\" decoding=\"async\" width=\"300\" height=\"159\" src=\"https:\/\/www.campingsnavarra.com\/wp-content\/uploads\/2022\/03\/12-3-300x159.jpg\" class=\"attachment-medium size-medium wp-post-image\" alt=\"\" srcset=\"https:\/\/www.campingsnavarra.com\/wp-content\/uploads\/2022\/03\/12-3-300x159.jpg 300w, https:\/\/www.campingsnavarra.com\/wp-content\/uploads\/2022\/03\/12-3-1024x544.jpg 1024w, https:\/\/www.campingsnavarra.com\/wp-content\/uploads\/2022\/03\/12-3-768x408.jpg 768w, https:\/\/www.campingsnavarra.com\/wp-content\/uploads\/2022\/03\/12-3-1536x816.jpg 1536w, https:\/\/www.campingsnavarra.com\/wp-content\/uploads\/2022\/03\/12-3-2048x1088.jpg 2048w\" sizes=\"auto, (max-width: 300px) 100vw, 300px\" \/><\/a><\/div><div class=\"contenido-listado\"><a href=\"https:\/\/www.campingsnavarra.com\/it\/store\/verde-yugen\/\"><div class=\"ficha-defecto\">\n<h2>Verde Yugen<\/h2>\n<h3>(Aralar)<\/h3>\nVenite, rilassatevi e assaporate il benessere.\nTutti hanno la possibilit\u00e0 di sentirsi meglio, di impegnarsi per viaggi pi\u00f9 sostenibili e per valori di solidariet\u00e0. Scopritelo.\n\nVenite nelle foreste di Aralar. Respirate l'aria delle foglie. Condividere il calore degli alberi. Camminare tra i suoni della natura. Creare con le mani. Cammina verso di te. Lasciatevi ispirare come Hemingway, Lou Reed e tanti altri visitatori delle nostre foreste e, soprattutto, condividete un'esperienza di valore per voi.\n\nVenite in queste magiche foreste per godervi i bagni nel bosco e le altre esperienze che facciamo con la natura come guida e il benessere e la felicit\u00e0 come fine. L'attenzione \u00e8 sempre rivolta alla sua natura e a tutto ci\u00f2 che ha da offrire.\n\n<\/div>\nVenite, assaggiate le nostre foreste e vivete un viaggio rigenerante.<\/a><\/div><h4>Contact <\/h4><div class=\"link-tienda\"><strong><a href=\"https:\/\/www.campingsnavarra.com\/it\/store\/verde-yugen\/\">+ Info<\/a><\/strong><\/div><\/div><\/div><\/div>[\/vc_column_text][\/vc_column][\/vc_row]\n","protected":false},"excerpt":{"rendered":"<p>[vc_row type=&#8221;full_width_background&#8221; full_screen_row_position=&#8221;middle&#8221; column_margin=&#8221;default&#8221; equal_height=&#8221;yes&#8221; content_placement=&#8221;middle&#8221; column_direction=&#8221;default&#8221; column_direction_tablet=&#8221;default&#8221; column_direction_phone=&#8221;default&#8221; bg_image=&#8221;15888&#8243; bg_position=&#8221;center center&#8221; background_image_loading=&#8221;default&#8221; bg_repeat=&#8221;no-repeat&#8221; scene_position=&#8221;center&#8221; top_padding=&#8221;5%&#8221; bottom_padding=&#8221;5%&#8221; text_color=&#8221;light&#8221; text_align=&#8221;left&#8221; row_border_radius=&#8221;none&#8221; row_border_radius_applies=&#8221;bg&#8221; color_overlay=&#8221;#000000&#8243; overlay_strength=&#8221;0.5&#8243; gradient_direction=&#8221;left_to_right&#8221; shape_divider_position=&#8221;bottom&#8221; bg_image_animation=&#8221;none&#8221; shape_type=&#8221;&#8221;][vc_column column_padding=&#8221;no-extra-padding&#8221; column_padding_tablet=&#8221;inherit&#8221; column_padding_phone=&#8221;inherit&#8221;&#8230;<\/p>\n","protected":false},"author":1,"featured_media":0,"parent":0,"menu_order":0,"comment_status":"closed","ping_status":"closed","template":"","meta":{"footnotes":""},"class_list":["post-50755","page","type-page","status-publish"],"_links":{"self":[{"href":"https:\/\/www.campingsnavarra.com\/it\/wp-json\/wp\/v2\/pages\/50755","targetHints":{"allow":["GET"]}}],"collection":[{"href":"https:\/\/www.campingsnavarra.com\/it\/wp-json\/wp\/v2\/pages"}],"about":[{"href":"https:\/\/www.campingsnavarra.com\/it\/wp-json\/wp\/v2\/types\/page"}],"author":[{"embeddable":true,"href":"https:\/\/www.campingsnavarra.com\/it\/wp-json\/wp\/v2\/users\/1"}],"replies":[{"embeddable":true,"href":"https:\/\/www.campingsnavarra.com\/it\/wp-json\/wp\/v2\/comments?post=50755"}],"version-history":[{"count":4,"href":"https:\/\/www.campingsnavarra.com\/it\/wp-json\/wp\/v2\/pages\/50755\/revisions"}],"predecessor-version":[{"id":53386,"href":"https:\/\/www.campingsnavarra.com\/it\/wp-json\/wp\/v2\/pages\/50755\/revisions\/53386"}],"wp:attachment":[{"href":"https:\/\/www.campingsnavarra.com\/it\/wp-json\/wp\/v2\/media?parent=50755"}],"curies":[{"name":"wp","href":"https:\/\/api.w.org\/{rel}","templated":true}]}}