




























































































































































































{"id":27698,"date":"2022-02-17T19:05:34","date_gmt":"2022-02-17T18:05:34","guid":{"rendered":"https:\/\/www.visitgastroh.com\/dormir\/navarre\/"},"modified":"2022-10-25T13:58:48","modified_gmt":"2022-10-25T11:58:48","slug":"camping","status":"publish","type":"page","link":"https:\/\/www.campingsnavarra.com\/fr\/camping\/","title":{"rendered":"Campings"},"content":{"rendered":"[vc_row type=&#8221;full_width_background&#8221; full_screen_row_position=&#8221;middle&#8221; column_margin=&#8221;default&#8221; equal_height=&#8221;yes&#8221; content_placement=&#8221;middle&#8221; column_direction=&#8221;default&#8221; column_direction_tablet=&#8221;default&#8221; column_direction_phone=&#8221;default&#8221; bg_image=&#8221;45776&#8243; bg_position=&#8221;center center&#8221; background_image_loading=&#8221;default&#8221; bg_repeat=&#8221;no-repeat&#8221; scene_position=&#8221;center&#8221; top_padding=&#8221;5%&#8221; bottom_padding=&#8221;5%&#8221; text_color=&#8221;light&#8221; text_align=&#8221;left&#8221; row_border_radius=&#8221;none&#8221; row_border_radius_applies=&#8221;bg&#8221; color_overlay=&#8221;#000000&#8243; overlay_strength=&#8221;0.5&#8243; gradient_direction=&#8221;left_to_right&#8221; shape_divider_position=&#8221;bottom&#8221; bg_image_animation=&#8221;none&#8221; shape_type=&#8221;&#8221;][vc_column column_padding=&#8221;no-extra-padding&#8221; column_padding_tablet=&#8221;inherit&#8221; column_padding_phone=&#8221;inherit&#8221; column_padding_position=&#8221;all&#8221; column_element_spacing=&#8221;default&#8221; background_color_opacity=&#8221;1&#8243; background_hover_color_opacity=&#8221;1&#8243; column_shadow=&#8221;none&#8221; column_border_radius=&#8221;none&#8221; column_link_target=&#8221;_self&#8221; gradient_direction=&#8221;left_to_right&#8221; overlay_strength=&#8221;0.3&#8243; width=&#8221;1\/1&#8243; tablet_width_inherit=&#8221;default&#8221; tablet_text_alignment=&#8221;default&#8221; phone_text_alignment=&#8221;default&#8221; bg_image_animation=&#8221;none&#8221; border_type=&#8221;simple&#8221; column_border_width=&#8221;none&#8221; column_border_style=&#8221;solid&#8221;][split_line_heading animation_type=&#8221;default&#8221;]\n<h1 style=\"font-size: 75px;\">Campings<\/h1>\n[\/split_line_heading][\/vc_column][\/vc_row][vc_row type=&#8221;in_container&#8221; full_screen_row_position=&#8221;middle&#8221; column_margin=&#8221;default&#8221; column_direction=&#8221;default&#8221; column_direction_tablet=&#8221;default&#8221; column_direction_phone=&#8221;default&#8221; scene_position=&#8221;center&#8221; text_color=&#8221;dark&#8221; text_align=&#8221;left&#8221; row_border_radius=&#8221;none&#8221; row_border_radius_applies=&#8221;bg&#8221; overlay_strength=&#8221;0.3&#8243; gradient_direction=&#8221;left_to_right&#8221; shape_divider_position=&#8221;bottom&#8221; bg_image_animation=&#8221;none&#8221;][vc_column column_padding=&#8221;no-extra-padding&#8221; column_padding_tablet=&#8221;inherit&#8221; column_padding_phone=&#8221;inherit&#8221; column_padding_position=&#8221;all&#8221; column_element_spacing=&#8221;default&#8221; background_color_opacity=&#8221;1&#8243; background_hover_color_opacity=&#8221;1&#8243; column_shadow=&#8221;none&#8221; column_border_radius=&#8221;none&#8221; column_link_target=&#8221;_self&#8221; gradient_direction=&#8221;left_to_right&#8221; overlay_strength=&#8221;0.3&#8243; width=&#8221;1\/1&#8243; tablet_width_inherit=&#8221;default&#8221; tablet_text_alignment=&#8221;default&#8221; phone_text_alignment=&#8221;default&#8221; bg_image_animation=&#8221;none&#8221; border_type=&#8221;simple&#8221; column_border_width=&#8221;none&#8221; column_border_style=&#8221;solid&#8221;][vc_column_text]<button id=\"menuaGorde\"><i class=\"fa fa-filter\"><\/i><\/button><\/p>\n<p><script>\ndocument.getElementById(\"menuaGorde\").addEventListener(\"click\", menuaezkutatu)\nfunction menuaezkutatu() {\n  var zerrenda = document.getElementsByClassName(\"menu-izda\");\n  x = zerrenda[0];\n  if (x.style.display === \"none\") {\n    x.style.display = \"block\";\n  } else {\n    x.style.display = \"none\";\n  }\n}\n<\/script>[\/vc_column_text][\/vc_column][\/vc_row][vc_row type=&#8221;in_container&#8221; full_screen_row_position=&#8221;middle&#8221; column_margin=&#8221;default&#8221; column_direction=&#8221;default&#8221; column_direction_tablet=&#8221;default&#8221; column_direction_phone=&#8221;default&#8221; scene_position=&#8221;center&#8221; top_padding=&#8221;3%&#8221; bottom_padding=&#8221;5%&#8221; text_color=&#8221;dark&#8221; text_align=&#8221;left&#8221; row_border_radius=&#8221;none&#8221; row_border_radius_applies=&#8221;bg&#8221; overlay_strength=&#8221;0.3&#8243; gradient_direction=&#8221;left_to_right&#8221; shape_divider_position=&#8221;bottom&#8221; bg_image_animation=&#8221;none&#8221; shape_type=&#8221;&#8221;][vc_column column_padding=&#8221;no-extra-padding&#8221; column_padding_tablet=&#8221;inherit&#8221; column_padding_phone=&#8221;inherit&#8221; column_padding_position=&#8221;all&#8221; column_element_spacing=&#8221;default&#8221; background_color_opacity=&#8221;1&#8243; background_hover_color_opacity=&#8221;1&#8243; column_shadow=&#8221;none&#8221; column_border_radius=&#8221;none&#8221; column_link_target=&#8221;_self&#8221; el_class=&#8221;menu-izda&#8221; gradient_direction=&#8221;left_to_right&#8221; overlay_strength=&#8221;0.3&#8243; width=&#8221;1\/4&#8243; tablet_width_inherit=&#8221;default&#8221; tablet_text_alignment=&#8221;default&#8221; phone_text_alignment=&#8221;default&#8221; bg_image_animation=&#8221;none&#8221; border_type=&#8221;simple&#8221; column_border_width=&#8221;none&#8221; column_border_style=&#8221;solid&#8221;][vc_column_text]\n<h4>Options :<\/h4>\n[\/vc_column_text][vc_column_text]        <form id=\"store_locator_embedded_search\" class=\"store_locator_embedded_search\" action=\"\/fr\/camping\/\" method=\"GET\">            <div id=\"store_locator_search_box\" class=\"store_locator store_locator_search_box store-locator-col-12 store-locator-col-sm-12\">                                            <div id=\"store_locator_filter\" class=\"store_locator_filter\">            <div id=\"store_locator_filter_content\" class=\"store-locator-row store_locator_filter_content\">                <div id=\"filter211\" class=\"store-locator-col-12 single_filter\"><h5 class=\"collapsible-visit filtroa-itxita\">Cat\u00e9gorie<\/h5><div class=\"filtroa\" style=\"display: none;\"><label class=\"single_filter_checkbox control control--checkbox\"><input  name=\"filter211[]\" type=\"checkbox\" class=\"store_locator_filter_checkbox\" value=\"213\">2 \u00c9toiles<div class=\"control__indicator\"><\/div><\/label><label class=\"single_filter_checkbox control control--checkbox\"><input  name=\"filter211[]\" type=\"checkbox\" class=\"store_locator_filter_checkbox\" value=\"218\">3 \u00c9toiles<div class=\"control__indicator\"><\/div><\/label><label class=\"single_filter_checkbox control control--checkbox\"><input  name=\"filter211[]\" type=\"checkbox\" class=\"store_locator_filter_checkbox\" value=\"219\">4 \u00c9toiles<div class=\"control__indicator\"><\/div><\/label><\/div><\/div><div id=\"filter247\" class=\"store-locator-col-12 single_filter\"><h5 class=\"collapsible-visit filtroa-itxita\">Installations d'h\u00e9bergement<\/h5><div class=\"filtroa\" style=\"display: none;\"><label class=\"single_filter_checkbox control control--checkbox\"><input  name=\"filter247[]\" type=\"checkbox\" class=\"store_locator_filter_checkbox\" value=\"268\">Adapt\u00e9 aux personnes \u00e0 mobilit\u00e9 r\u00e9duite<div class=\"control__indicator\"><\/div><\/label><label class=\"single_filter_checkbox control control--checkbox\"><input  name=\"filter247[]\" type=\"checkbox\" class=\"store_locator_filter_checkbox\" value=\"251\">Air conditionn\u00e9<div class=\"control__indicator\"><\/div><\/label><label class=\"single_filter_checkbox control control--checkbox\"><input  name=\"filter247[]\" type=\"checkbox\" class=\"store_locator_filter_checkbox\" value=\"269\">Animaux de compagnie accept\u00e9s<div class=\"control__indicator\"><\/div><\/label><label class=\"single_filter_checkbox control control--checkbox\"><input  name=\"filter247[]\" type=\"checkbox\" class=\"store_locator_filter_checkbox\" value=\"270\">Borne de recharge pour v\u00e9hicules \u00e9lectriques<div class=\"control__indicator\"><\/div><\/label><label class=\"single_filter_checkbox control control--checkbox\"><input  name=\"filter247[]\" type=\"checkbox\" class=\"store_locator_filter_checkbox\" value=\"249\">Caf\u00e9-bar<div class=\"control__indicator\"><\/div><\/label><label class=\"single_filter_checkbox control control--checkbox\"><input  name=\"filter247[]\" type=\"checkbox\" class=\"store_locator_filter_checkbox\" value=\"271\">Parking<div class=\"control__indicator\"><\/div><\/label><label class=\"single_filter_checkbox control control--checkbox\"><input  name=\"filter247[]\" type=\"checkbox\" class=\"store_locator_filter_checkbox\" value=\"248\">Restaurant<div class=\"control__indicator\"><\/div><\/label><label class=\"single_filter_checkbox control control--checkbox\"><input  name=\"filter247[]\" type=\"checkbox\" class=\"store_locator_filter_checkbox\" value=\"272\">Service de location et\/ou abri de v\u00e9los<div class=\"control__indicator\"><\/div><\/label><label class=\"single_filter_checkbox control control--checkbox\"><input  name=\"filter247[]\" type=\"checkbox\" class=\"store_locator_filter_checkbox\" value=\"250\">Wifi gratuit<div class=\"control__indicator\"><\/div><\/label><\/div><\/div>            <\/div>        <\/div>        <script>        var coll = document.getElementsByClassName(\"collapsible-visit\");        var i;        for (i = 0; i < coll.length; i++) {          coll[i].addEventListener(\"click\", function() {            this.classList.toggle(\"active\");            var content = this.nextElementSibling;            if (content.style.display === \"block\") {              content.style.display = \"none\";              this.classList.remove('filtroa-irekita');              this.classList.add(\"filtroa-itxita\");            } else {              content.style.display = \"block\";              this.classList.remove('filtroa-itxita');              this.classList.add(\"filtroa-irekita\");            }          });        }        <\/script>                                                        <div class=\"store-locator-row bilaketa-botoia\">                    <div class=\"store-locator-col-12 store-locator-col-sm-12\">                        <button id=\"store_locator_find_stores_button\" type=\"submit\" class=\"store_locator_find_stores_button btn button et_pb_button btn-primary btn-lg\">Rechercher                        <\/button>                    <\/div>                <\/div>            <\/div>        <\/form>        [\/vc_column_text][\/vc_column][vc_column column_padding=&#8221;no-extra-padding&#8221; column_padding_tablet=&#8221;inherit&#8221; column_padding_phone=&#8221;inherit&#8221; column_padding_position=&#8221;all&#8221; column_element_spacing=&#8221;default&#8221; background_color_opacity=&#8221;1&#8243; background_hover_color_opacity=&#8221;1&#8243; column_shadow=&#8221;none&#8221; column_border_radius=&#8221;none&#8221; column_link_target=&#8221;_self&#8221; gradient_direction=&#8221;left_to_right&#8221; overlay_strength=&#8221;0.3&#8243; width=&#8221;3\/4&#8243; tablet_width_inherit=&#8221;default&#8221; tablet_text_alignment=&#8221;default&#8221; phone_text_alignment=&#8221;default&#8221; bg_image_animation=&#8221;none&#8221; border_type=&#8221;simple&#8221; column_border_width=&#8221;none&#8221; column_border_style=&#8221;solid&#8221;][vc_column_text]<div class=\"wordpress-store-locator-list-container\"><h2 class=\"wordpress-store-locator-list-title\">Campings en Navarre<\/h2><div class=\"wordpress-store-locator-list-content\"><p>Choisir un \u00e9tablissement<\/p>\n<\/div><div class=\"store-locator-row\"><div class=\"store-locator-col-sm-4\"><div class=\"wordpress-store-locator-list-item\"><div class=\"img-listado\"><a href=\"https:\/\/www.campingsnavarra.com\/fr\/store\/camping-acedo\/\"><img loading=\"lazy\" decoding=\"async\" width=\"300\" height=\"225\" src=\"https:\/\/www.campingsnavarra.com\/wp-content\/uploads\/2022\/02\/camping-acedo-piscina-300x225.jpg\" class=\"attachment-medium size-medium wp-post-image\" alt=\"Vista a\u00e9rea de la piscina del Camping Acedo\" srcset=\"https:\/\/www.campingsnavarra.com\/wp-content\/uploads\/2022\/02\/camping-acedo-piscina-300x225.jpg 300w, https:\/\/www.campingsnavarra.com\/wp-content\/uploads\/2022\/02\/camping-acedo-piscina-768x576.jpg 768w, https:\/\/www.campingsnavarra.com\/wp-content\/uploads\/2022\/02\/camping-acedo-piscina.jpg 1000w\" sizes=\"auto, (max-width: 300px) 100vw, 300px\" \/><\/a><\/div><div class=\"contenido-listado\"><a href=\"https:\/\/www.campingsnavarra.com\/fr\/store\/camping-acedo\/\"><div class=\"ficha-defecto\">\n<h2>Camping ACEDO<\/h2>\n<h3>(Acedo)<\/h3>\nLe camping Acedo situ\u00e9 dans la zone centrale de la Navarre, \u00e0 Tierra Estella, un camping 4 \u00e9toiles, dispose de nombreuses parcelles et de 33 bungalows en location, pour un total de 1 500 lits. Restaurant avec un menu et des menus vari\u00e9s, supermarch\u00e9, aires de jeux, 2 piscines, 1 pour adultes et une pour enfants, terrain de sport, court de paddle-tennis, Pendant l'\u00e9t\u00e9, un vaste programme d'animations pour enfants et adultes, Au printemps et en automne, les samedis et les dimanches avec structures gonflables \u00e0 Carp.\n\nNous sommes un centre BTT agr\u00e9\u00e9 par l'IMBA. Au milieu de la voie verte du chemin de fer Vasco-Navarro.\n\nD\u00e9couvrez notre gastronomie en visitant nos caves, conserveries et fromageries Visitez notre riche patrimoine culturel, le Camino de Santiago et les Sierras de Lokiz, Urbasa et Codes.\n\n\u00c0 seulement 10 minutes du circuit de Navarre.\n\n<\/div><\/a><\/div><h4>Contact <\/h4><div class=\"link-tienda\"><strong><a href=\"https:\/\/www.campingsnavarra.com\/fr\/store\/camping-acedo\/\">+ Info<\/a><\/strong><\/div><\/div><\/div><div class=\"store-locator-col-sm-4\"><div class=\"wordpress-store-locator-list-item\"><div class=\"img-listado\"><a href=\"https:\/\/www.campingsnavarra.com\/fr\/store\/camping-aralar\/\"><img loading=\"lazy\" decoding=\"async\" width=\"225\" height=\"300\" src=\"https:\/\/www.campingsnavarra.com\/wp-content\/uploads\/2022\/02\/inigo-225x300.jpg\" class=\"attachment-medium size-medium wp-post-image\" alt=\"\" srcset=\"https:\/\/www.campingsnavarra.com\/wp-content\/uploads\/2022\/02\/inigo-225x300.jpg 225w, https:\/\/www.campingsnavarra.com\/wp-content\/uploads\/2022\/02\/inigo-768x1024.jpg 768w, https:\/\/www.campingsnavarra.com\/wp-content\/uploads\/2022\/02\/inigo.jpg 800w\" sizes=\"auto, (max-width: 225px) 100vw, 225px\" \/><\/a><\/div><div class=\"contenido-listado\"><a href=\"https:\/\/www.campingsnavarra.com\/fr\/store\/camping-aralar\/\"><div class=\"ficha-defecto\">\n<h2>Camping ARALAR<\/h2>\n<h3>(Lekunberri)<\/h3>\nNous sommes tout ce que nous offrons, et nous offrons tout ce que nous sommes, ni plus ni moins.\n\nVous \u00eates-vous arr\u00eat\u00e9 pour penser que vous avez besoin de quelques jours de repos, en pleine nature, en harmonie et en famille ou entre amis ? Nous vous offrons tout cela et bien plus encore\u2026 Nature, montagne, gastronomie, sp\u00e9l\u00e9ologie, plage, beaucoup d'histoire, d\u00e9cors de cin\u00e9ma et tradition \u00e0 l'\u00e9tat pur\u2026 Oubliez le virus Corona en profitant d'un h\u00e9bergement en pleine nature, \u00e0 seulement 20 minutes de Pampelune. Nous t'attendons!!\n\n<\/div><\/a><\/div><h4>Contact <\/h4><div class=\"link-tienda\"><strong><a href=\"https:\/\/www.campingsnavarra.com\/fr\/store\/camping-aralar\/\">+ Info<\/a><\/strong><\/div><\/div><\/div><div class=\"store-locator-col-sm-4\"><div class=\"wordpress-store-locator-list-item\"><div class=\"img-listado\"><a href=\"https:\/\/www.campingsnavarra.com\/fr\/store\/camping-arbizu\/\"><img loading=\"lazy\" decoding=\"async\" width=\"300\" height=\"142\" src=\"https:\/\/www.campingsnavarra.com\/wp-content\/uploads\/2022\/02\/Camping_arbizu_general-1-300x142.jpg\" class=\"attachment-medium size-medium wp-post-image\" alt=\"\" srcset=\"https:\/\/www.campingsnavarra.com\/wp-content\/uploads\/2022\/02\/Camping_arbizu_general-1-300x142.jpg 300w, https:\/\/www.campingsnavarra.com\/wp-content\/uploads\/2022\/02\/Camping_arbizu_general-1.jpg 734w\" sizes=\"auto, (max-width: 300px) 100vw, 300px\" \/><\/a><\/div><div class=\"contenido-listado\"><a href=\"https:\/\/www.campingsnavarra.com\/fr\/store\/camping-arbizu\/\"><div class=\"ficha-defecto\">\n<h2>ARBIZU Camping<\/h2>\n<h3>(Arbizu)<\/h3>\nArbizu Eco-camping a bas\u00e9 sa construction sur des concepts de durabilit\u00e9, de bioconstruction, de bioclimatisme et d'application d'\u00e9nergies renouvelables, visant \u00e0 offrir une option touristique durable et respectueuse avec le cadre naturel incomparable dans lequel il se trouve.\n\n<\/div><\/a><\/div><h4>Contact <\/h4><div class=\"link-tienda\"><strong><a href=\"https:\/\/www.campingsnavarra.com\/fr\/store\/camping-arbizu\/\">+ Info<\/a><\/strong><\/div><\/div><\/div><\/div><div class=\"store-locator-row\"><div class=\"store-locator-col-sm-4\"><div class=\"wordpress-store-locator-list-item\"><div class=\"img-listado\"><a href=\"https:\/\/www.campingsnavarra.com\/fr\/store\/camping-aritzaleku\/\"><img loading=\"lazy\" decoding=\"async\" width=\"300\" height=\"300\" src=\"https:\/\/www.campingsnavarra.com\/wp-content\/uploads\/2022\/02\/camping_aritzaleku_general-300x300.jpg\" class=\"attachment-medium size-medium wp-post-image\" alt=\"\" srcset=\"https:\/\/www.campingsnavarra.com\/wp-content\/uploads\/2022\/02\/camping_aritzaleku_general-300x300.jpg 300w, https:\/\/www.campingsnavarra.com\/wp-content\/uploads\/2022\/02\/camping_aritzaleku_general-150x150.jpg 150w, https:\/\/www.campingsnavarra.com\/wp-content\/uploads\/2022\/02\/camping_aritzaleku_general-100x100.jpg 100w, https:\/\/www.campingsnavarra.com\/wp-content\/uploads\/2022\/02\/camping_aritzaleku_general-140x140.jpg 140w, https:\/\/www.campingsnavarra.com\/wp-content\/uploads\/2022\/02\/camping_aritzaleku_general.jpg 346w\" sizes=\"auto, (max-width: 300px) 100vw, 300px\" \/><\/a><\/div><div class=\"contenido-listado\"><a href=\"https:\/\/www.campingsnavarra.com\/fr\/store\/camping-aritzaleku\/\"><div class=\"ficha-defecto\">\n<h2>ARITZALEKU Camping<\/h2>\n<h3>(Lerate)<\/h3>\nAu Camping de Aritzaleku, nous avons consacr\u00e9 une grande partie de nos efforts \u00e0 couvrir toutes les options d'h\u00e9bergement. Notre volont\u00e9 est d'offrir \u00e0 tous les visiteurs du Camping une solution adapt\u00e9e aux besoins de tous nos clients.\n\nTrois b\u00e2timents de service enti\u00e8rement connect\u00e9s, des parcelles \u00e9quip\u00e9es d'\u00e9lectricit\u00e9 et d'eau pour les caravanes et une grande aire de camping ont \u00e9t\u00e9 con\u00e7us. Nous mettons \u00e0 la disposition de tous, des bungalows en bois de diff\u00e9rentes capacit\u00e9s \u00e9quip\u00e9s de tout ce dont vous avez besoin : cuisine compl\u00e8te, salle de bain avec douche, chauffage et jardin.\n\nL'objectif de toutes nos installations est que vous puissiez profiter d'un s\u00e9jour tranquille aussi bien en \u00e9t\u00e9 que pendant les froides journ\u00e9es d'hiver, sans que cela implique une r\u00e9duction de la qualit\u00e9 de vie.\n\nDe plus, \u00e0 Aritzaleku, vous pouvez \u00e9galement profiter de plusieurs chambres, avec des chambres de grande capacit\u00e9. Ses lits superpos\u00e9s sont la solution id\u00e9ale pour les groupes.\n\n<strong>Ami des animaux<\/strong>\n\nZones autoris\u00e9es Camps :\n<ul>\n \t<li>1 Mobilhome pour 4 personnes<\/li>\n \t<li>1 Mobilhome pour 6 personnes<\/li>\n \t<li>Parcelles<\/li>\n<\/ul>\nZones autoris\u00e9es Restaurant-Bar :\n<ul>\n \t<li>Terrasse<\/li>\n<\/ul>\nNormes requises Camping :\n<ul>\n \t<li>Passeport en cours de validit\u00e9 ou passeport avec carnet de vaccination<\/li>\n<\/ul>\nR\u00e9glementation requise Restaurant-Bar :\n<ul>\n \t<li>Attach\u00e9 (cha\u00eene ou laisse courte)\nMuseli\u00e8re, PP uniquement<\/li>\n<\/ul>\n<\/div><\/a><\/div><h4>Contact <\/h4><div class=\"link-tienda\"><strong><a href=\"https:\/\/www.campingsnavarra.com\/fr\/store\/camping-aritzaleku\/\">+ Info<\/a><\/strong><\/div><\/div><\/div><div class=\"store-locator-col-sm-4\"><div class=\"wordpress-store-locator-list-item\"><div class=\"img-listado\"><a href=\"https:\/\/www.campingsnavarra.com\/fr\/store\/camping-ariztigain\/\"><img loading=\"lazy\" decoding=\"async\" width=\"300\" height=\"142\" src=\"https:\/\/www.campingsnavarra.com\/wp-content\/uploads\/2022\/02\/camping_ariztigain_general-300x142.jpg\" class=\"attachment-medium size-medium wp-post-image\" alt=\"\" srcset=\"https:\/\/www.campingsnavarra.com\/wp-content\/uploads\/2022\/02\/camping_ariztigain_general-300x142.jpg 300w, https:\/\/www.campingsnavarra.com\/wp-content\/uploads\/2022\/02\/camping_ariztigain_general.jpg 734w\" sizes=\"auto, (max-width: 300px) 100vw, 300px\" \/><\/a><\/div><div class=\"contenido-listado\"><a href=\"https:\/\/www.campingsnavarra.com\/fr\/store\/camping-ariztigain\/\"><div class=\"ficha-defecto\">\n<h2>Camping ARIZTIGAIN<\/h2>\n<h3>(Sumbilla)<\/h3>\nLe camping Ariztigain est situ\u00e9 \u00e0 600 m de Sunbilla, Navarre. Cet environnement privil\u00e9gi\u00e9 dans lequel se trouve le camping, entre for\u00eats de ch\u00eanes et vall\u00e9es d'une grande beaut\u00e9, offre aux visiteurs de grandes possibilit\u00e9s de profiter des environs, leur permettant de r\u00e9aliser diff\u00e9rentes activit\u00e9s de loisirs et sportives. Des ch\u00eanes centenaires font que le camping dispose de nombreux emplacements ombrag\u00e9s.\n\n<\/div><\/a><\/div><h4>Contact <\/h4><div class=\"link-tienda\"><strong><a href=\"https:\/\/www.campingsnavarra.com\/fr\/store\/camping-ariztigain\/\">+ Info<\/a><\/strong><\/div><\/div><\/div><div class=\"store-locator-col-sm-4\"><div class=\"wordpress-store-locator-list-item\"><div class=\"img-listado\"><a href=\"https:\/\/www.campingsnavarra.com\/fr\/store\/camping-artaza\/\"><img loading=\"lazy\" decoding=\"async\" width=\"300\" height=\"104\" src=\"https:\/\/www.campingsnavarra.com\/wp-content\/uploads\/2022\/02\/camping_artaza_general-300x104.jpg\" class=\"attachment-medium size-medium wp-post-image\" alt=\"\" srcset=\"https:\/\/www.campingsnavarra.com\/wp-content\/uploads\/2022\/02\/camping_artaza_general-300x104.jpg 300w, https:\/\/www.campingsnavarra.com\/wp-content\/uploads\/2022\/02\/camping_artaza_general-1024x353.jpg 1024w, https:\/\/www.campingsnavarra.com\/wp-content\/uploads\/2022\/02\/camping_artaza_general-768x265.jpg 768w, https:\/\/www.campingsnavarra.com\/wp-content\/uploads\/2022\/02\/camping_artaza_general.jpg 1536w\" sizes=\"auto, (max-width: 300px) 100vw, 300px\" \/><\/a><\/div><div class=\"contenido-listado\"><a href=\"https:\/\/www.campingsnavarra.com\/fr\/store\/camping-artaza\/\"><div class=\"ficha-defecto\">\n<h2>Camping ARTAZA<\/h2>\n<h3>(Artaza)<\/h3>\nLe camping Artaza Urederra est un espace construit \u00e0 la main en bois de m\u00e9l\u00e8ze, un lieu au charme particulier, en pleine nature.\n\nNous sommes entour\u00e9s de for\u00eats magiques de ch\u00eanes et de h\u00eatres, dans un environnement privil\u00e9gi\u00e9, \u00e0 c\u00f4t\u00e9 du parc naturel d'Urbasa et de la source de la rivi\u00e8re Urederra.\n\nEn raison de notre emplacement et de notre construction uniques, le camping est un environnement durable, aliment\u00e9 par l'\u00e9nergie solaire. Id\u00e9al pour d\u00e9connecter, avec un logement sans Wi-Fi et sans t\u00e9l\u00e9vision.\n\nDe plus, nous avons deux saunas finlandais et un bain \u00e0 remous ext\u00e9rieur.\n\nOserez-vous vous d\u00e9connecter avec nous ?\n\n<\/div><\/a><\/div><h4>Contact <\/h4><div class=\"link-tienda\"><strong><a href=\"https:\/\/www.campingsnavarra.com\/fr\/store\/camping-artaza\/\">+ Info<\/a><\/strong><\/div><\/div><\/div><\/div><div class=\"store-locator-row\"><div class=\"store-locator-col-sm-4\"><div class=\"wordpress-store-locator-list-item\"><div class=\"img-listado\"><a href=\"https:\/\/www.campingsnavarra.com\/fr\/store\/camping-bardenas\/\"><img loading=\"lazy\" decoding=\"async\" width=\"300\" height=\"199\" src=\"https:\/\/www.campingsnavarra.com\/wp-content\/uploads\/2022\/02\/camping_el_bardenas_general-300x199.jpg\" class=\"attachment-medium size-medium wp-post-image\" alt=\"\" srcset=\"https:\/\/www.campingsnavarra.com\/wp-content\/uploads\/2022\/02\/camping_el_bardenas_general-300x199.jpg 300w, https:\/\/www.campingsnavarra.com\/wp-content\/uploads\/2022\/02\/camping_el_bardenas_general-1024x678.jpg 1024w, https:\/\/www.campingsnavarra.com\/wp-content\/uploads\/2022\/02\/camping_el_bardenas_general-768x509.jpg 768w, https:\/\/www.campingsnavarra.com\/wp-content\/uploads\/2022\/02\/camping_el_bardenas_general-900x600.jpg 900w, https:\/\/www.campingsnavarra.com\/wp-content\/uploads\/2022\/02\/camping_el_bardenas_general.jpg 1200w\" sizes=\"auto, (max-width: 300px) 100vw, 300px\" \/><\/a><\/div><div class=\"contenido-listado\"><a href=\"https:\/\/www.campingsnavarra.com\/fr\/store\/camping-bardenas\/\"><div class=\"ficha-defecto\">\n<h2>Camping BARDENAS<\/h2>\n<h3>(Villafranca)<\/h3>\nLe seul camping du sud de la Navarre, \u00e0 c\u00f4t\u00e9 du magnifique d\u00e9sert des Bardenas Reales et \u00e0 seulement 15 km. de Sendaviva.\n\nNous proposons diff\u00e9rents types d'h\u00e9bergements adapt\u00e9s \u00e0 tous les budgets : bungalows bois, mobil-homes, appartements, auberges...\n\nNous avons \u00e9galement des installations spacieuses et modernes, piscine, salle de gym, court de paddle-tennis, barbecues..., ainsi qu'un excellent restaurant grill.\n\n<\/div><\/a><\/div><h4>Contact <\/h4><div class=\"link-tienda\"><strong><a href=\"https:\/\/www.campingsnavarra.com\/fr\/store\/camping-bardenas\/\">+ Info<\/a><\/strong><\/div><\/div><\/div><div class=\"store-locator-col-sm-4\"><div class=\"wordpress-store-locator-list-item\"><div class=\"img-listado\"><a href=\"https:\/\/www.campingsnavarra.com\/fr\/store\/camping-baztan\/\"><img loading=\"lazy\" decoding=\"async\" width=\"300\" height=\"300\" src=\"https:\/\/www.campingsnavarra.com\/wp-content\/uploads\/2022\/02\/camping_baztan_general-300x300.jpg\" class=\"attachment-medium size-medium wp-post-image\" alt=\"\" srcset=\"https:\/\/www.campingsnavarra.com\/wp-content\/uploads\/2022\/02\/camping_baztan_general-300x300.jpg 300w, https:\/\/www.campingsnavarra.com\/wp-content\/uploads\/2022\/02\/camping_baztan_general-150x150.jpg 150w, https:\/\/www.campingsnavarra.com\/wp-content\/uploads\/2022\/02\/camping_baztan_general-100x100.jpg 100w, https:\/\/www.campingsnavarra.com\/wp-content\/uploads\/2022\/02\/camping_baztan_general-140x140.jpg 140w, https:\/\/www.campingsnavarra.com\/wp-content\/uploads\/2022\/02\/camping_baztan_general.jpg 346w\" sizes=\"auto, (max-width: 300px) 100vw, 300px\" \/><\/a><\/div><div class=\"contenido-listado\"><a href=\"https:\/\/www.campingsnavarra.com\/fr\/store\/camping-baztan\/\"><div class=\"ficha-defecto\">\n<h2>BAZT\u00c1N Camping<\/h2>\n<h3>(Erratzu)<\/h3>\nCamping 4 \u00e9toiles situ\u00e9 dans la vall\u00e9e de Bazt\u00e1n, la premi\u00e8re vall\u00e9e des Pyr\u00e9n\u00e9es occidentales, entour\u00e9 de nature et de beaux villages.\n\nNous sommes \u00e0 38 km de la plage de San Juan de Luz et \u00e0 50 km des plages d'Hondarribia et d'Hendaye.\n\nNous avons 150 parcelles de 100 m2 chacune avec un sol en herbe, s\u00e9par\u00e9es par des haies et avec beaucoup d'ombre. Branchement \u00e9lectrique et branchement d'eau. Deux piscines (adultes et enfants) pour se rafra\u00eechir lors des journ\u00e9es chaudes ; possibilit\u00e9 de faire du sport et aire de jeux pour que les plus petits s'amusent bien. Nous avons aussi un Bar-Restaurant, Supermarch\u00e9, Blanchisserie, Terrain de Padel, Squash, P\u00e9tanque et Table de Ping-Pong ; service m\u00e9dical \u00e0 Erratzu \u00e0 150 m\u00e8tres du camping.\n\n<\/div><\/a><\/div><h4>Contact <\/h4><div class=\"link-tienda\"><strong><a href=\"https:\/\/www.campingsnavarra.com\/fr\/store\/camping-baztan\/\">+ Info<\/a><\/strong><\/div><\/div><\/div><div class=\"store-locator-col-sm-4\"><div class=\"wordpress-store-locator-list-item\"><div class=\"img-listado\"><a href=\"https:\/\/www.campingsnavarra.com\/fr\/store\/camping-el-molino\/\"><img loading=\"lazy\" decoding=\"async\" width=\"300\" height=\"142\" src=\"https:\/\/www.campingsnavarra.com\/wp-content\/uploads\/2022\/01\/camping_el_molino_general-300x142.jpg\" class=\"attachment-medium size-medium wp-post-image\" alt=\"\" srcset=\"https:\/\/www.campingsnavarra.com\/wp-content\/uploads\/2022\/01\/camping_el_molino_general-300x142.jpg 300w, https:\/\/www.campingsnavarra.com\/wp-content\/uploads\/2022\/01\/camping_el_molino_general.jpg 734w\" sizes=\"auto, (max-width: 300px) 100vw, 300px\" \/><\/a><\/div><div class=\"contenido-listado\"><a href=\"https:\/\/www.campingsnavarra.com\/fr\/store\/camping-el-molino\/\"><div class=\"ficha-defecto\">\n<h2>Camping LE MOULIN<\/h2>\n<h3>(mendicit\u00e9)<\/h3>\nCamping durable avec bungalows, parcelles et chambres avec lits superpos\u00e9s dans la zone centrale de Navarre, sur la route des vins DO Navarre avec un bar-restaurant pour 125 personnes, deux terrasses d'une capacit\u00e9 de 150 personnes et une sc\u00e8ne pour des spectacles. Notre gastronomie est traditionnelle avec des aliments de Navarre, nous proposons une lettre, des menus du jour, ainsi que des plats combin\u00e9s, des portions et des sandwichs.\n\n<\/div><\/a><\/div><h4>Contact <\/h4><div class=\"link-tienda\"><strong><a href=\"https:\/\/www.campingsnavarra.com\/fr\/store\/camping-el-molino\/\">+ Info<\/a><\/strong><\/div><\/div><\/div><\/div><div class=\"store-locator-row\"><div class=\"store-locator-col-sm-4\"><div class=\"wordpress-store-locator-list-item\"><div class=\"img-listado\"><a href=\"https:\/\/www.campingsnavarra.com\/fr\/store\/camping-etxarri-2\/\"><img loading=\"lazy\" decoding=\"async\" width=\"300\" height=\"201\" src=\"https:\/\/www.campingsnavarra.com\/wp-content\/uploads\/2022\/04\/camping_etxarri_piscina_2500-300x201.jpg\" class=\"attachment-medium size-medium wp-post-image\" alt=\"visi\u00f3n general de la piscina del Camping Etxarri\" srcset=\"https:\/\/www.campingsnavarra.com\/wp-content\/uploads\/2022\/04\/camping_etxarri_piscina_2500-300x201.jpg 300w, https:\/\/www.campingsnavarra.com\/wp-content\/uploads\/2022\/04\/camping_etxarri_piscina_2500-1024x688.jpg 1024w, https:\/\/www.campingsnavarra.com\/wp-content\/uploads\/2022\/04\/camping_etxarri_piscina_2500-768x516.jpg 768w, https:\/\/www.campingsnavarra.com\/wp-content\/uploads\/2022\/04\/camping_etxarri_piscina_2500-1536x1032.jpg 1536w, https:\/\/www.campingsnavarra.com\/wp-content\/uploads\/2022\/04\/camping_etxarri_piscina_2500-2048x1375.jpg 2048w, https:\/\/www.campingsnavarra.com\/wp-content\/uploads\/2022\/04\/camping_etxarri_piscina_2500-900x600.jpg 900w, https:\/\/www.campingsnavarra.com\/wp-content\/uploads\/2022\/04\/camping_etxarri_piscina_2500-600x403.jpg 600w, https:\/\/www.campingsnavarra.com\/wp-content\/uploads\/2022\/04\/camping_etxarri_piscina_2500-400x269.jpg 400w\" sizes=\"auto, (max-width: 300px) 100vw, 300px\" \/><\/a><\/div><div class=\"contenido-listado\"><a href=\"https:\/\/www.campingsnavarra.com\/fr\/store\/camping-etxarri-2\/\"><div class=\"ficha-defecto\">\n<h2>Camping ETXARRI<\/h2>\n<h3>(Etxarri Aranatz)<\/h3>\nCamping situ\u00e9 dans la vall\u00e9e de Sakana, en Navarre, \u00e0 mi-chemin entre les parcs naturels d'Urbasa et d'Aralar. \nPoint strat\u00e9gique, gr\u00e2ce \u00e0 ses communications imbattables, pour visiter des enclaves naturelles telles que la source de l'Urederra, les cha\u00eenes de montagnes d'Urbasa et d'Aralar, Pampelune, Vitoria, Bilbao et les plages de Guip\u00fazcoa.\n\n<\/div><\/a><\/div><h4>Contact <\/h4><div class=\"link-tienda\"><strong><a href=\"https:\/\/www.campingsnavarra.com\/fr\/store\/camping-etxarri-2\/\">+ Info<\/a><\/strong><\/div><\/div><\/div><div class=\"store-locator-col-sm-4\"><div class=\"wordpress-store-locator-list-item\"><div class=\"img-listado\"><a href=\"https:\/\/www.campingsnavarra.com\/fr\/store\/camping-ezcaba\/\"><img loading=\"lazy\" decoding=\"async\" width=\"300\" height=\"104\" src=\"https:\/\/www.campingsnavarra.com\/wp-content\/uploads\/2022\/02\/camping_ezcaba_general-300x104.jpg\" class=\"attachment-medium size-medium wp-post-image\" alt=\"\" srcset=\"https:\/\/www.campingsnavarra.com\/wp-content\/uploads\/2022\/02\/camping_ezcaba_general-300x104.jpg 300w, https:\/\/www.campingsnavarra.com\/wp-content\/uploads\/2022\/02\/camping_ezcaba_general-1024x353.jpg 1024w, https:\/\/www.campingsnavarra.com\/wp-content\/uploads\/2022\/02\/camping_ezcaba_general-768x265.jpg 768w, https:\/\/www.campingsnavarra.com\/wp-content\/uploads\/2022\/02\/camping_ezcaba_general.jpg 1536w\" sizes=\"auto, (max-width: 300px) 100vw, 300px\" \/><\/a><\/div><div class=\"contenido-listado\"><a href=\"https:\/\/www.campingsnavarra.com\/fr\/store\/camping-ezcaba\/\"><div class=\"ficha-defecto\">\n<h2>Camping EZCABA<\/h2>\n<h3>(Euse)<\/h3>\nLe camping Ezcaba est situ\u00e9 dans une enclave naturelle privil\u00e9gi\u00e9e, \u00e0 c\u00f4t\u00e9 de la rivi\u00e8re Ulzama et dans une r\u00e9gion montagneuse d'une grande beaut\u00e9 situ\u00e9e \u00e0 cinq minutes de Pampelune. Pour cette raison, gr\u00e2ce \u00e0 sa situation g\u00e9ographique privil\u00e9gi\u00e9e, ce camping vous permet de d\u00e9couvrir toute la Navarre, des Bardenas aux Pyr\u00e9n\u00e9es navarraises, sans avoir \u00e0 faire de longs trajets.\n\nDe plus, la nouvelle piste cyclable vous permet de rejoindre Pampelune en suivant le magnifique Paseo Fluvial del Arga, \u00e0 seulement 10 km.\n\n<\/div><\/a><\/div><h4>Contact <\/h4><div class=\"link-tienda\"><strong><a href=\"https:\/\/www.campingsnavarra.com\/fr\/store\/camping-ezcaba\/\">+ Info<\/a><\/strong><\/div><\/div><\/div><div class=\"store-locator-col-sm-4\"><div class=\"wordpress-store-locator-list-item\"><div class=\"img-listado\"><a href=\"https:\/\/www.campingsnavarra.com\/fr\/store\/camping-iratxe\/\"><img loading=\"lazy\" decoding=\"async\" width=\"300\" height=\"142\" src=\"https:\/\/www.campingsnavarra.com\/wp-content\/uploads\/2022\/02\/camping_iratxe_parcelas-300x142.jpg\" class=\"attachment-medium size-medium wp-post-image\" alt=\"\" srcset=\"https:\/\/www.campingsnavarra.com\/wp-content\/uploads\/2022\/02\/camping_iratxe_parcelas-300x142.jpg 300w, https:\/\/www.campingsnavarra.com\/wp-content\/uploads\/2022\/02\/camping_iratxe_parcelas.jpg 734w\" sizes=\"auto, (max-width: 300px) 100vw, 300px\" \/><\/a><\/div><div class=\"contenido-listado\"><a href=\"https:\/\/www.campingsnavarra.com\/fr\/store\/camping-iratxe\/\"><div class=\"ficha-defecto\">\n<h2>Camping IRATXE<\/h2>\n<h3>(Ayegui)<\/h3>\nAu Camping Iratxe de Navarra, nous avons 26 bungalows compos\u00e9s de deux chambres, salle de bain avec lavabo, douche et WC, r\u00e9frig\u00e9rateur, salon-cuisine-salle \u00e0 manger avec canap\u00e9-lit et TV.Chaque bungalow dispose d'une place de parking.\n\nNous disposons de 32 chambres multiples d'une capacit\u00e9 de 2 \u00e0 4 personnes, qui disposent de 2 lits ou 2 lits superpos\u00e9s de 2 lits chacune, et d'une salle d'eau avec WC et lavabo. Les douches se trouvent dans le b\u00e2timent commun pr\u00e8s des chambres.\n\nNous disposons d'une aire de camping pour caravanes, camping-cars, tentes, vans..., avec branchements eau, \u00e9lectricit\u00e9 et t\u00e9l\u00e9vision.\n\nNous sommes un centre d'accueil VTT au sein de l'espace VTT Tierra Estella \u2013 Lizarraldea, et nous mettons notre centre d'accueil \u00e0 la disposition des cyclistes avec nos douches, notre lieu de nettoyage des v\u00e9los, notre caf\u00e9t\u00e9ria, nos h\u00e9bergements et tous les itin\u00e9raires de la r\u00e9gion. .\n\nNous sommes entour\u00e9s par la nature (Montejurra, Monjard\u00edn et les Sierras de Urbasa, Andia et Lokitz sont nos r\u00e9f\u00e9rences). La source Urederra est \u00e0 15 minutes du Camping Iratxe et nous ne sommes qu'\u00e0 10 minutes du Circuit de Vitesse de Navarre (Los Arcos).\n\n<\/div><\/a><\/div><h4>Contact <\/h4><div class=\"link-tienda\"><strong><a href=\"https:\/\/www.campingsnavarra.com\/fr\/store\/camping-iratxe\/\">+ Info<\/a><\/strong><\/div><\/div><\/div><\/div><div class=\"store-locator-row\"><div class=\"store-locator-col-sm-4\"><div class=\"wordpress-store-locator-list-item\"><div class=\"img-listado\"><a href=\"https:\/\/www.campingsnavarra.com\/fr\/store\/izarpe-camping\/\"><\/a><\/div><div class=\"contenido-listado\"><a href=\"https:\/\/www.campingsnavarra.com\/fr\/store\/izarpe-camping\/\"><div class=\"ficha-defecto\">\n<h2>IZARPE Camping<\/h2>\n<h3>(Ar\u00f3stegui)<\/h3>  Izarpe est un espace con\u00e7u pour profiter de la nature et de la gastronomie locale, en camping ou, si vous pr\u00e9f\u00e9rez, sans renoncer au confort et \u00e0 la commodit\u00e9 dans l'un de nos h\u00e9bergements de type \"glamping\". Nous sommes en Navarre, dans la vall\u00e9e d'Atez, \u00e0 c\u00f4t\u00e9 de la vall\u00e9e d'Ulzama et de sa for\u00eat d'Orgi, au milieu de vertes prairies o\u00f9 paissent des troupeaux de moutons et entour\u00e9s de for\u00eats de h\u00eatres et de ch\u00eanes. Un endroit idyllique pour rompre avec la routine et se d\u00e9tendre en famille en plein air, en \u00e9prouvant la sensation d'\u00eatre dans un endroit isol\u00e9, o\u00f9 le temps s'arr\u00eate et o\u00f9 les sons reviennent \u00e0 leur essence. Il est difficile de croire que nous ne sommes qu'\u00e0 15 km de Pampelune et \u00e0 70 km de Saint-S\u00e9bastien. Nous disposons de vastes espaces verts pour les loisirs et d'une zone sportive avec des piscines et des terrains de sport.  <ul>\n \t<li><strong>Parcelles<\/strong>: d\u00e9limit\u00e9es uniquement par des arbres et am\u00e9nag\u00e9es en terrasses, elles vous permettront de profiter d'une plus grande <strong>sensation d'espace<\/strong>.<\/li>\n \t<li><strong>Cabanes<\/strong>: en bois, elles disposent de tout le confort n\u00e9cessaire pour profiter du contact avec la nature.<\/li>\n \t<li><strong>Pods : <\/strong>petite cabane en bois aux angles arrondis nich\u00e9e en pleine nature, un h\u00e9bergement original et de qualit\u00e9.<\/li>\n \t<li><strong>Clamping caravanes : <\/strong>ancienne caravane restaur\u00e9e, id\u00e9ale pour profiter du camping dans un h\u00e9bergement original et de qualit\u00e9.<\/li>\n \t<li><strong>Sleep and go :<\/strong> Con\u00e7u pour les voyageurs qui ont besoin d'une pause de derni\u00e8re minute pour continuer le lendemain matin et qui n'utiliseront que tr\u00e8s peu les installations.<\/li>\n<\/ul>\n<\/div><\/a><\/div><h4>Contact <\/h4><div class=\"link-tienda\"><strong><a href=\"https:\/\/www.campingsnavarra.com\/fr\/store\/izarpe-camping\/\">+ Info<\/a><\/strong><\/div><\/div><\/div><div class=\"store-locator-col-sm-4\"><div class=\"wordpress-store-locator-list-item\"><div class=\"img-listado\"><a href=\"https:\/\/www.campingsnavarra.com\/fr\/store\/camping-lizarra\/\"><img loading=\"lazy\" decoding=\"async\" width=\"300\" height=\"133\" src=\"https:\/\/www.campingsnavarra.com\/wp-content\/uploads\/2022\/02\/camping_lizarra_general-300x133.png\" class=\"attachment-medium size-medium wp-post-image\" alt=\"\" srcset=\"https:\/\/www.campingsnavarra.com\/wp-content\/uploads\/2022\/02\/camping_lizarra_general-300x133.png 300w, https:\/\/www.campingsnavarra.com\/wp-content\/uploads\/2022\/02\/camping_lizarra_general-768x341.png 768w, https:\/\/www.campingsnavarra.com\/wp-content\/uploads\/2022\/02\/camping_lizarra_general.png 900w\" sizes=\"auto, (max-width: 300px) 100vw, 300px\" \/><\/a><\/div><div class=\"contenido-listado\"><a href=\"https:\/\/www.campingsnavarra.com\/fr\/store\/camping-lizarra\/\"><div class=\"ficha-defecto\">\n<h2>Camping LIZARRA<\/h2>\n<h3>(Estella)<\/h3>\nCamping 4 \u00e9toiles ouvert toute l'ann\u00e9e. Nos services comprennent les suivants : bar, restaurant, trousse de secours, sup\u00e9rette, animations, 2 piscines, journaux, terrain de foot, minigolf, racquetball, volley, basket, p\u00e9tanque, ping-pong, discoth\u00e8que, parcelles de 80 m2, salle de jeux, salle polyvalente avec projecteur, aire de jeux et zones ombrag\u00e9es. Nous avons \u00e9galement une zone WIFI.\n\nCamping situ\u00e9 dans la ville d'Estella-Lizarra, au milieu de la Navarre et au c\u0153ur du Camino de Santiago et abrit\u00e9 par les montagnes Urbasa, Andia et Loquiz.\n\n&nbsp;\n\n<\/div><\/a><\/div><h4>Contact <\/h4><div class=\"link-tienda\"><strong><a href=\"https:\/\/www.campingsnavarra.com\/fr\/store\/camping-lizarra\/\">+ Info<\/a><\/strong><\/div><\/div><\/div><div class=\"store-locator-col-sm-4\"><div class=\"wordpress-store-locator-list-item\"><div class=\"img-listado\"><a href=\"https:\/\/www.campingsnavarra.com\/fr\/store\/camping-nature\/\"><img loading=\"lazy\" decoding=\"async\" width=\"300\" height=\"200\" src=\"https:\/\/www.campingsnavarra.com\/wp-content\/uploads\/2025\/06\/camping_nature_bosque_1_2000-1-300x200.jpg\" class=\"attachment-medium size-medium wp-post-image\" alt=\"\" srcset=\"https:\/\/www.campingsnavarra.com\/wp-content\/uploads\/2025\/06\/camping_nature_bosque_1_2000-1-300x200.jpg 300w, https:\/\/www.campingsnavarra.com\/wp-content\/uploads\/2025\/06\/camping_nature_bosque_1_2000-1-1024x681.jpg 1024w, https:\/\/www.campingsnavarra.com\/wp-content\/uploads\/2025\/06\/camping_nature_bosque_1_2000-1-768x511.jpg 768w, https:\/\/www.campingsnavarra.com\/wp-content\/uploads\/2025\/06\/camping_nature_bosque_1_2000-1-1536x1021.jpg 1536w, https:\/\/www.campingsnavarra.com\/wp-content\/uploads\/2025\/06\/camping_nature_bosque_1_2000-1-900x600.jpg 900w, https:\/\/www.campingsnavarra.com\/wp-content\/uploads\/2025\/06\/camping_nature_bosque_1_2000-1.jpg 2000w\" sizes=\"auto, (max-width: 300px) 100vw, 300px\" \/><\/a><\/div><div class=\"contenido-listado\"><a href=\"https:\/\/www.campingsnavarra.com\/fr\/store\/camping-nature\/\">\r\n<div class=\"ficha-defecto\">\r\n<h2>NATURE Camping<\/h2>\r\n<h3>(Tudela)<\/h3>\r\nCamping Nature es un camping de nueva apertura ubicado en Tudela, pensado para quienes disfrutan de la tranquilidad, la naturaleza y las escapadas con encanto. Estamos empezando este proyecto con mucha ilusi\u00f3n, y poco a poco vamos dando forma a un espacio acogedor, c\u00f3modo y con muy buena sombra para que te sientas como en casa desde el primer d\u00eda.\r\nDisponemos de parcelas con y sin electricidad, y pronto dispondremos de bungalows. Nuestras parcelas son amplias y sombreadas, ideales para tiendas, caravanas y autocaravanas. Disponemos de ba\u00f1os limpios y funcionales. Nos gusta lo sencillo, lo aut\u00e9ntico y lo natural.\r\nNos encontramos muy cerca de las Bardenas Reales de Navarra, un paisaje \u00fanico que te dejar\u00e1 con la boca abierta, y a un paso del parque de atracciones Sendaviva, perfecto para disfrutar en familia. Adem\u00e1s, estamos muy cerca de Tudela, una ciudad donde se come de maravilla y que merece una visita.\r\nSi buscas un camping tranquilo, bien situado y con ganas de crecer contigo, Camping Nature es tu sitio. \u00a1Te esperamos!\r\nApertura: 1FEB\/1DIC\r\nC\u00f3mo llegar: AP68 SAL 18\/ A68 SAL 95 Y 96\r\n\r\n<\/div>\r\n<\/a><\/div><h4>Contact <\/h4><div class=\"link-tienda\"><strong><a href=\"https:\/\/www.campingsnavarra.com\/fr\/store\/camping-nature\/\">+ Info<\/a><\/strong><\/div><\/div><\/div><\/div><div class=\"store-locator-row\"><div class=\"store-locator-col-sm-4\"><div class=\"wordpress-store-locator-list-item\"><div class=\"img-listado\"><a href=\"https:\/\/www.campingsnavarra.com\/fr\/store\/camping-olite\/\"><img loading=\"lazy\" decoding=\"async\" width=\"300\" height=\"104\" src=\"https:\/\/www.campingsnavarra.com\/wp-content\/uploads\/2022\/02\/camping_olite_general-300x104.jpg\" class=\"attachment-medium size-medium wp-post-image\" alt=\"\" srcset=\"https:\/\/www.campingsnavarra.com\/wp-content\/uploads\/2022\/02\/camping_olite_general-300x104.jpg 300w, https:\/\/www.campingsnavarra.com\/wp-content\/uploads\/2022\/02\/camping_olite_general-1024x353.jpg 1024w, https:\/\/www.campingsnavarra.com\/wp-content\/uploads\/2022\/02\/camping_olite_general-768x265.jpg 768w, https:\/\/www.campingsnavarra.com\/wp-content\/uploads\/2022\/02\/camping_olite_general.jpg 1536w\" sizes=\"auto, (max-width: 300px) 100vw, 300px\" \/><\/a><\/div><div class=\"contenido-listado\"><a href=\"https:\/\/www.campingsnavarra.com\/fr\/store\/camping-olite\/\"><div class=\"ficha-defecto\">\n<h2>Camping OLITE<\/h2>\n<h3>(Olite)<\/h3>\nArt, histoire et plaisir en famille, \u00e0 seulement 20 minutes de Pampelune.\n\nLe camping de Olite dispose d'excellents bungalows enti\u00e8rement \u00e9quip\u00e9s pour 4\/6 personnes, de grandes parcelles avec \u00e9lectricit\u00e9, une chambre avec salle de bain pour deux personnes et une chambre multiple d'une capacit\u00e9 de 20 personnes, un espace appropri\u00e9 pour l'h\u00e9bergement de groupe.\n\nIl dispose d'un bar et d'un restaurant avec deux salles \u00e0 manger pouvant accueillir des groupes. Menu du jour et \u00e0 la carte.\n\nComme dans toute la r\u00e9gion, dans notre restaurant, vous pourrez d\u00e9guster notre excellente cuisine, comme les l\u00e9gumes du jardin de Tudela, les asperges, les poivrons, les artichauts et, bien s\u00fbr, nos excellents vins locaux.\n\nAnimations enfants en \u00e9t\u00e9. Programme d'activit\u00e9s diverses destin\u00e9es aux enfants, aux jeunes et aux adultes.\n\n<\/div><\/a><\/div><h4>Contact <\/h4><div class=\"link-tienda\"><strong><a href=\"https:\/\/www.campingsnavarra.com\/fr\/store\/camping-olite\/\">+ Info<\/a><\/strong><\/div><\/div><\/div><div class=\"store-locator-col-sm-4\"><div class=\"wordpress-store-locator-list-item\"><div class=\"img-listado\"><a href=\"https:\/\/www.campingsnavarra.com\/fr\/store\/camping-osate\/\"><img loading=\"lazy\" decoding=\"async\" width=\"300\" height=\"192\" src=\"https:\/\/www.campingsnavarra.com\/wp-content\/uploads\/2022\/02\/camping_osate_general-300x192.jpg\" class=\"attachment-medium size-medium wp-post-image\" alt=\"\" srcset=\"https:\/\/www.campingsnavarra.com\/wp-content\/uploads\/2022\/02\/camping_osate_general-300x192.jpg 300w, https:\/\/www.campingsnavarra.com\/wp-content\/uploads\/2022\/02\/camping_osate_general-1024x654.jpg 1024w, https:\/\/www.campingsnavarra.com\/wp-content\/uploads\/2022\/02\/camping_osate_general-768x491.jpg 768w, https:\/\/www.campingsnavarra.com\/wp-content\/uploads\/2022\/02\/camping_osate_general.jpg 1058w\" sizes=\"auto, (max-width: 300px) 100vw, 300px\" \/><\/a><\/div><div class=\"contenido-listado\"><a href=\"https:\/\/www.campingsnavarra.com\/fr\/store\/camping-osate\/\"><div class=\"ficha-defecto\">\n<h2>Camping OSATE<\/h2>\n<h3>(Ochagavia)<\/h3>\nLe camping Osate est situ\u00e9 \u00e0 300 m d'Ochagavia-Otsagabia dans la vall\u00e9e de Salazar, une ville embl\u00e9matique des Pyr\u00e9n\u00e9es navarraises pour sa beaut\u00e9 et pour \u00eatre \u00e0 l'entr\u00e9e de la for\u00eat d'Irati, l'une des for\u00eats les plus grandes et les mieux conserv\u00e9es d'Europe. .\n\nNous sommes une nouvelle soci\u00e9t\u00e9, avec des gens de la r\u00e9gion, dont nous allons g\u00e9rer le camping dans les ann\u00e9es \u00e0 venir. Nous avons r\u00e9alis\u00e9 d'importantes r\u00e9formes, avec un nouveau pavillon de service pour les salles de bains et les douches, la r\u00e9novation compl\u00e8te de l'auberge, la construction de nouveaux bungalows en bois, l'am\u00e9nagement et l'agrandissement de la zone de camping et du pont d'acc\u00e8s.\n\n<\/div><\/a><\/div><h4>Contact <\/h4><div class=\"link-tienda\"><strong><a href=\"https:\/\/www.campingsnavarra.com\/fr\/store\/camping-osate\/\">+ Info<\/a><\/strong><\/div><\/div><\/div><div class=\"store-locator-col-sm-4\"><div class=\"wordpress-store-locator-list-item\"><div class=\"img-listado\"><a href=\"https:\/\/www.campingsnavarra.com\/fr\/store\/camping-urbasa-2\/\"><img loading=\"lazy\" decoding=\"async\" width=\"300\" height=\"169\" src=\"https:\/\/www.campingsnavarra.com\/wp-content\/uploads\/2022\/01\/camping-urbasa--300x169.jpg\" class=\"attachment-medium size-medium wp-post-image\" alt=\"\" srcset=\"https:\/\/www.campingsnavarra.com\/wp-content\/uploads\/2022\/01\/camping-urbasa--300x169.jpg 300w, https:\/\/www.campingsnavarra.com\/wp-content\/uploads\/2022\/01\/camping-urbasa--768x433.jpg 768w, https:\/\/www.campingsnavarra.com\/wp-content\/uploads\/2022\/01\/camping-urbasa-.jpg 851w\" sizes=\"auto, (max-width: 300px) 100vw, 300px\" \/><\/a><\/div><div class=\"contenido-listado\"><a href=\"https:\/\/www.campingsnavarra.com\/fr\/store\/camping-urbasa-2\/\"><div class=\"ficha-defecto\">\r\n<h2>Camping URBASA<\/h2>\r\n<h3>(Parc naturel d'Urbasa)<\/h3>\r\nLe camping est situ\u00e9 au c\u0153ur d'Urbasa, une r\u00e9serve de biosph\u00e8re, dans la plus grande for\u00eat de h\u00eatres d'altitude d'Europe.\r\n\r\nLes bungalows sont des cabanes en bois \u00e0 deux \u00e9tages \u00e9quip\u00e9es de t\u00e9l\u00e9vision, chauffage et ustensiles de cuisine. Le camping de Urbasa dispose de 14 bungalows de 4 \u00e0 8 personnes, d'une aire de camping, d'une aire de caravanes, de plusieurs chambres, d'un bar, d'un restaurant, d'une connexion Wi-Fi gratuite et d'un centre VTT.\r\n\r\n<\/div><\/a><\/div><h4>Contact <\/h4><div class=\"link-tienda\"><strong><a href=\"https:\/\/www.campingsnavarra.com\/fr\/store\/camping-urbasa-2\/\">+ Info<\/a><\/strong><\/div><\/div><\/div><\/div><div class=\"store-locator-row\"><div class=\"store-locator-col-sm-4\"><div class=\"wordpress-store-locator-list-item\"><div class=\"img-listado\"><a href=\"https:\/\/www.campingsnavarra.com\/fr\/store\/camping-urrobi\/\"><img loading=\"lazy\" decoding=\"async\" width=\"300\" height=\"189\" src=\"https:\/\/www.campingsnavarra.com\/wp-content\/uploads\/2022\/02\/camping_urrobi_parcela-300x189.png\" class=\"attachment-medium size-medium wp-post-image\" alt=\"\" srcset=\"https:\/\/www.campingsnavarra.com\/wp-content\/uploads\/2022\/02\/camping_urrobi_parcela-300x189.png 300w, https:\/\/www.campingsnavarra.com\/wp-content\/uploads\/2022\/02\/camping_urrobi_parcela-768x485.png 768w, https:\/\/www.campingsnavarra.com\/wp-content\/uploads\/2022\/02\/camping_urrobi_parcela.png 960w\" sizes=\"auto, (max-width: 300px) 100vw, 300px\" \/><\/a><\/div><div class=\"contenido-listado\"><a href=\"https:\/\/www.campingsnavarra.com\/fr\/store\/camping-urrobi\/\"><div class=\"ficha-defecto\">\n<h2>Camping URROBI<\/h2>\n<h3>(Aurizberri - Espinal)<\/h3>\nSitu\u00e9 au c\u0153ur de la Navarre, au centre des for\u00eats de la Communaut\u00e9 Foral, en plein sur le Camino de Santiago et \u00e0 seulement 20 minutes de la Selva de Irati, le complexe d'installations du Camping Urrobi vous offre un large \u00e9ventail de possibilit\u00e9s pour profiter en pleine nature avec le plus haut degr\u00e9 de confort et de qualit\u00e9 certifi\u00e9e conform\u00e9ment aux exigences de la norme UNE 184001:2007 pour les campings.\n\nLe restaurant du Camping Urrobi a commenc\u00e9 son voyage avec une cuisine enti\u00e8rement faite maison, bas\u00e9e sur la nourriture des m\u00e9nag\u00e8res. Au fil du temps et de l'exp\u00e9rience acquise, le restaurant a gagn\u00e9 en service, en qualit\u00e9 et en innovation, donnant \u00e0 notre cuisine son propre caract\u00e8re et en faisant un standard de la cuisine locale.\n\n&nbsp;\n\n<\/div><\/a><\/div><h4>Contact <\/h4><div class=\"link-tienda\"><strong><a href=\"https:\/\/www.campingsnavarra.com\/fr\/store\/camping-urrobi\/\">+ Info<\/a><\/strong><\/div><\/div><\/div><\/div>[\/vc_column_text][\/vc_column][\/vc_row]\n","protected":false},"excerpt":{"rendered":"<p>[vc_row type=&#8221;full_width_background&#8221; full_screen_row_position=&#8221;middle&#8221; column_margin=&#8221;default&#8221; equal_height=&#8221;yes&#8221; content_placement=&#8221;middle&#8221; column_direction=&#8221;default&#8221; column_direction_tablet=&#8221;default&#8221; column_direction_phone=&#8221;default&#8221; bg_image=&#8221;45776&#8243; bg_position=&#8221;center center&#8221; background_image_loading=&#8221;default&#8221; bg_repeat=&#8221;no-repeat&#8221; scene_position=&#8221;center&#8221; top_padding=&#8221;5%&#8221; bottom_padding=&#8221;5%&#8221; text_color=&#8221;light&#8221; text_align=&#8221;left&#8221; row_border_radius=&#8221;none&#8221; row_border_radius_applies=&#8221;bg&#8221; color_overlay=&#8221;#000000&#8243; overlay_strength=&#8221;0.5&#8243; gradient_direction=&#8221;left_to_right&#8221; shape_divider_position=&#8221;bottom&#8221; bg_image_animation=&#8221;none&#8221; shape_type=&#8221;&#8221;][vc_column column_padding=&#8221;no-extra-padding&#8221; column_padding_tablet=&#8221;inherit&#8221; column_padding_phone=&#8221;inherit&#8221;&#8230;<\/p>\n","protected":false},"author":1,"featured_media":0,"parent":0,"menu_order":0,"comment_status":"closed","ping_status":"closed","template":"","meta":{"footnotes":""},"class_list":["post-27698","page","type-page","status-publish"],"_links":{"self":[{"href":"https:\/\/www.campingsnavarra.com\/fr\/wp-json\/wp\/v2\/pages\/27698","targetHints":{"allow":["GET"]}}],"collection":[{"href":"https:\/\/www.campingsnavarra.com\/fr\/wp-json\/wp\/v2\/pages"}],"about":[{"href":"https:\/\/www.campingsnavarra.com\/fr\/wp-json\/wp\/v2\/types\/page"}],"author":[{"embeddable":true,"href":"https:\/\/www.campingsnavarra.com\/fr\/wp-json\/wp\/v2\/users\/1"}],"replies":[{"embeddable":true,"href":"https:\/\/www.campingsnavarra.com\/fr\/wp-json\/wp\/v2\/comments?post=27698"}],"version-history":[{"count":9,"href":"https:\/\/www.campingsnavarra.com\/fr\/wp-json\/wp\/v2\/pages\/27698\/revisions"}],"predecessor-version":[{"id":58667,"href":"https:\/\/www.campingsnavarra.com\/fr\/wp-json\/wp\/v2\/pages\/27698\/revisions\/58667"}],"wp:attachment":[{"href":"https:\/\/www.campingsnavarra.com\/fr\/wp-json\/wp\/v2\/media?parent=27698"}],"curies":[{"name":"wp","href":"https:\/\/api.w.org\/{rel}","templated":true}]}}